{"id":302,"date":"2026-04-30T08:57:11","date_gmt":"2026-04-30T06:57:11","guid":{"rendered":"https:\/\/pensiongrol-new:8890\/histoire\/"},"modified":"2026-05-03T21:53:13","modified_gmt":"2026-05-03T19:53:13","slug":"histoire","status":"publish","type":"page","link":"https:\/\/demo.pensiongrol.nl\/fr\/histoire\/","title":{"rendered":"Histoire"},"content":{"rendered":"\n<div class=\"wp-block-cover alignfull is-dark\" style=\"min-height:50vh;aspect-ratio:unset;\"><span aria-hidden=\"true\" class=\"wp-block-cover__background has-background-dim-40 has-background-dim\" style=\"background-color:#000000\"><\/span><img loading=\"lazy\" decoding=\"async\" width=\"1920\" height=\"1075\" class=\"wp-block-cover__image-background wp-image-154\" alt=\"\" src=\"https:\/\/demo.pensiongrol.nl\/wp-content\/uploads\/2026\/04\/pension-grol-geschiedenis.jpg\" data-object-fit=\"cover\" srcset=\"https:\/\/demo.pensiongrol.nl\/wp-content\/uploads\/2026\/04\/pension-grol-geschiedenis.jpg 1920w, https:\/\/demo.pensiongrol.nl\/wp-content\/uploads\/2026\/04\/pension-grol-geschiedenis-300x168.jpg 300w, https:\/\/demo.pensiongrol.nl\/wp-content\/uploads\/2026\/04\/pension-grol-geschiedenis-1024x573.jpg 1024w, https:\/\/demo.pensiongrol.nl\/wp-content\/uploads\/2026\/04\/pension-grol-geschiedenis-768x430.jpg 768w, https:\/\/demo.pensiongrol.nl\/wp-content\/uploads\/2026\/04\/pension-grol-geschiedenis-1536x860.jpg 1536w\" sizes=\"auto, (max-width: 1920px) 100vw, 1920px\" \/><div class=\"wp-block-cover__inner-container has-global-padding is-layout-constrained wp-container-core-cover-is-layout-04834cbf wp-block-cover-is-layout-constrained\">\n\n<h1 class=\"wp-block-heading has-text-align-center has-white-color has-text-color has-display-font-size\">Histoire de \u2019t Huys Grol<\/h1>\n\n\n<\/div>\n<div class=\"pg-booking-bar-wrapper\"><form class=\"pg-booking-bar\" method=\"get\" action=\"https:\/\/bookingengine.mylighthouse.com\/pension-t-huys-grol-renesse\" target=\"_blank\" rel=\"noopener\"><input type=\"hidden\" name=\"language\" value=\"fr-FR\"><div class=\"pg-booking-bar__field\"><label for=\"pg-bb-arrival\">Arriv\u00e9e<\/label><input type=\"text\" id=\"pg-bb-arrival\" name=\"Arrival\" placeholder=\"jj \/ mm \/ aaaa\" autocomplete=\"off\" required readonly><\/div><div class=\"pg-booking-bar__field\"><label for=\"pg-bb-departure\">D\u00e9part<\/label><input type=\"text\" id=\"pg-bb-departure\" name=\"Departure\" placeholder=\"jj \/ mm \/ aaaa\" autocomplete=\"off\" required readonly><\/div><div class=\"pg-booking-bar__submit-wrap\"><button type=\"submit\" class=\"pg-booking-bar__submit\">v\u00e9rifier la disponibilit\u00e9<\/button><\/div><\/form><\/div>\n\n<\/div>\n\n<div class=\"wp-block-group alignfull has-global-padding is-layout-constrained wp-container-core-group-is-layout-c37653d1 wp-block-group-is-layout-constrained\" style=\"padding-top:var(--wp--preset--spacing--60);padding-right:var(--wp--preset--spacing--40);padding-bottom:var(--wp--preset--spacing--60);padding-left:var(--wp--preset--spacing--40)\">\n\n<h2 class=\"wp-block-heading has-text-align-center\" style=\"font-weight:500\">Histoire de \u2019t HUYS GROL \u00e0 Renesse<\/h2>\n\n\n\n<hr class=\"wp-block-separator has-text-color has-primary-color has-alpha-channel-opacity has-primary-background-color has-background pg-divider\"\/>\n\n\n<!-- wp:paragraph [] -->\n<p><b>Huis Strijland<br \/><\/b>Volgens het oudst bewaarde \u201cveldboek\u201d, uit 1599 van Schouwen, woonde landbouwer Jan Leendertszoon hier.<\/p>\n<p><!-- wp:paragraph [] --><\/p>\n<p>Vers 1690, la maison Strijland a \u00e9t\u00e9 profond\u00e9ment transform\u00e9e en la propri\u00e9t\u00e9 de campagne \u2019t Huys Grol par le marchand amstellodamois Marinus de Jonge.<\/p>\n<p><!-- \/wp:post-content --><\/p>\n<p><!-- wp:paragraph [] --><\/p>\n<p>GROL, comme Marinus de Jonge a nomm\u00e9 sa propri\u00e9t\u00e9 vers 1690, signifie \u00ab vert \u00bb. \u00ab Grol \u00bb, en tant qu\u2019ancien nom n\u00e9erlandais pour \u00ab vert \u00bb, se retrouve \u00e9galement dans \u00ab Grollo \u00bb, l\u2019ancien nom de la petite ville de Groenlo.<\/p>\n<p><!-- \/wp:paragraph --><\/p>\n<p><!-- wp:paragraph [] --><\/p>\n<p>En 1804, \u2019t Huys Grol fut en grande partie d\u00e9moli et reconstruit sur ses fondations. Une pierre de fa\u00e7ade \u00e0 l\u2019arri\u00e8re de la maison mentionne : \u00ab Adriana Jobina Tromp, la premi\u00e8re pierre pos\u00e9e le 12 juin 1804 \u00bb.<\/p>\n<p><!-- \/wp:paragraph --><\/p>\n<p><!-- wp:paragraph [] --><\/p>\n<p>Plus tard, le grand propri\u00e9taire foncier Jacob Hoogenboom vient habiter \u00e0 Huize Grol. Lorsqu\u2019il devient bourgmestre de Renesse 17 ans plus tard, il fait r\u00e9nover de fond en comble \u2019t Huys Grol en 1870. \u00c0 l\u2019avant, une imposante maison de ma\u00eetre fut construite, comme il sied \u00e0 un bourgmestre. L\u2019arri\u00e8re de \u2019t Huys Grol est rest\u00e9 en grande partie intact. Il fit \u00e9galement r\u00e9aliser la magnifique grille en fer forg\u00e9 par le forgeron de Renesse, Gilijamse. Les trois ifs situ\u00e9s du c\u00f4t\u00e9 du village, une grande raret\u00e9 pour l\u2019\u00e9poque, furent \u00e9galement plant\u00e9s \u00e0 ce moment-l\u00e0. Ils ont aujourd\u2019hui plus de 150 ans.<\/p>\n<p><!-- \/wp:paragraph --><\/p>\n<p><!-- wp:paragraph [] --><\/p>\n<p>Pendant la guerre, la maison fut r\u00e9quisitionn\u00e9e par les Allemands. Elle faisait office d\u2019\u00ab Ortskommandantur \u00bb. Durant la derni\u00e8re ann\u00e9e de la guerre (1944), elle fut utilis\u00e9e comme h\u00f4pital pendant un an.<\/p>\n<p><!-- \/wp:paragraph --><\/p>\n<p><!-- wp:gallery {\"linkTo\":\"none\",\"columns\":3,\"sizeSlug\":\"large\",\"align\":\"wide\"} --><\/p>\n<figure class=\"wp-block-gallery alignwide has-nested-images columns-3 is-cropped\">\n<!-- wp:image {\"id\":155,\"sizeSlug\":\"large\",\"style\":{\"border\":{\"radius\":\"4px\"}}} --><\/p>\n<figure class=\"wp-block-image size-large has-custom-border\"><img loading=\"lazy\" decoding=\"async\" width=\"1024\" height=\"659\" src=\"https:\/\/demo.pensiongrol.nl\/wp-content\/uploads\/2026\/04\/nbf-1024x659.png\" alt=\"\" class=\"wp-image-155\" style=\"border-radius:4px\" srcset=\"https:\/\/demo.pensiongrol.nl\/wp-content\/uploads\/2026\/04\/nbf-1024x659.png 1024w, https:\/\/demo.pensiongrol.nl\/wp-content\/uploads\/2026\/04\/nbf-300x193.png 300w, https:\/\/demo.pensiongrol.nl\/wp-content\/uploads\/2026\/04\/nbf-768x494.png 768w, https:\/\/demo.pensiongrol.nl\/wp-content\/uploads\/2026\/04\/nbf.png 1105w\" sizes=\"auto, (max-width: 1024px) 100vw, 1024px\" \/><\/figure>\n<p><!-- \/wp:image --><br \/>\n<!-- wp:image {\"id\":156,\"sizeSlug\":\"large\",\"style\":{\"border\":{\"radius\":\"4px\"}}} --><\/p>\n<figure class=\"wp-block-image size-large has-custom-border\"><img loading=\"lazy\" decoding=\"async\" width=\"1024\" height=\"651\" src=\"https:\/\/demo.pensiongrol.nl\/wp-content\/uploads\/2026\/04\/jjhtg-1024x651.png\" alt=\"\" class=\"wp-image-156\" style=\"border-radius:4px\" srcset=\"https:\/\/demo.pensiongrol.nl\/wp-content\/uploads\/2026\/04\/jjhtg-1024x651.png 1024w, https:\/\/demo.pensiongrol.nl\/wp-content\/uploads\/2026\/04\/jjhtg-300x191.png 300w, https:\/\/demo.pensiongrol.nl\/wp-content\/uploads\/2026\/04\/jjhtg-768x488.png 768w, https:\/\/demo.pensiongrol.nl\/wp-content\/uploads\/2026\/04\/jjhtg.png 1075w\" sizes=\"auto, (max-width: 1024px) 100vw, 1024px\" \/><\/figure>\n<p><!-- \/wp:image --><br \/>\n<!-- wp:image {\"id\":157,\"sizeSlug\":\"large\",\"style\":{\"border\":{\"radius\":\"4px\"}}} --><\/p>\n<figure class=\"wp-block-image size-large has-custom-border\"><img loading=\"lazy\" decoding=\"async\" width=\"1024\" height=\"673\" src=\"https:\/\/demo.pensiongrol.nl\/wp-content\/uploads\/2026\/04\/qas-1024x673.png\" alt=\"\" class=\"wp-image-157\" style=\"border-radius:4px\" srcset=\"https:\/\/demo.pensiongrol.nl\/wp-content\/uploads\/2026\/04\/qas-1024x673.png 1024w, https:\/\/demo.pensiongrol.nl\/wp-content\/uploads\/2026\/04\/qas-300x197.png 300w, https:\/\/demo.pensiongrol.nl\/wp-content\/uploads\/2026\/04\/qas-768x505.png 768w, https:\/\/demo.pensiongrol.nl\/wp-content\/uploads\/2026\/04\/qas.png 1097w\" sizes=\"auto, (max-width: 1024px) 100vw, 1024px\" \/><\/figure>\n<p><!-- \/wp:image --><br \/>\n<\/figure>\n<p><!-- \/wp:gallery --><\/p>\n<p><!-- wp:paragraph [] --><\/p>\n<p><strong>La famille van der Aart<br \/><\/strong>Apr\u00e8s des ann\u00e9es d\u2019inoccupation et de d\u00e9labrement, \u2019t Huys Grol fut vendu le 15 ao\u00fbt 1974 au biologiste Peter van der Aart et \u00e0 son \u00e9pouse Margriet van den Berg.<\/p>\n<p><!-- \/wp:paragraph --><\/p>\n<p><!-- wp:paragraph [] --><\/p>\n<p>En 1975, Margriet van der Aart commen\u00e7a \u00e0 louer deux chambres \u00e0 des estivants pendant les mois d\u2019\u00e9t\u00e9. Le premier B&amp;B de Renesse \u00e9tait ainsi n\u00e9.<\/p>\n<p><!-- \/wp:paragraph --><\/p>\n<p><!-- wp:paragraph [] --><\/p>\n<p><!-- \/wp:paragraph --><\/p>\n<p><!-- wp:paragraph [] --><\/p>\n<p><strong>Margot van der Aart et Michiel Smit<\/strong><br \/>\u00c0 terme, les parents souhaitaient transmettre \u2019t Huys Grol, ainsi que l\u2019activit\u00e9 de pension, \u00e0 l\u2019un de leurs enfants. Margot et Michiel, qui vivaient \u00e0 Utrecht, souhaitaient poursuivre l\u2019exploitation de la pension. En 1999, ils ont quitt\u00e9 leur emploi (en agence de voyages et dans les t\u00e9l\u00e9coms) pour g\u00e9rer ensemble la pension.<\/p>\n<p><!-- \/wp:paragraph --><\/p>\n<p><!-- wp:paragraph [] --><\/p>\n<p>En 2007, ils ont rachet\u00e9 \u2019t Huys Grol. En 2019, Margot et Michiel ont quitt\u00e9 la pension (l\u2019actuel bungalow dans le jardin arri\u00e8re) pour s\u2019installer au Stoofweg 5, en diagonale face \u00e0 la pension.<\/p>\n<p><!-- \/wp:paragraph --><\/p>\n<p><!-- wp:gallery {\"linkTo\":\"none\",\"columns\":3,\"sizeSlug\":\"large\",\"align\":\"wide\"} --><\/p>\n<figure class=\"wp-block-gallery alignwide has-nested-images columns-3 is-cropped\">\n<!-- wp:image {\"id\":158,\"sizeSlug\":\"large\",\"style\":{\"border\":{\"radius\":\"4px\"}}} --><\/p>\n<figure class=\"wp-block-image size-large has-custom-border\"><img loading=\"lazy\" decoding=\"async\" width=\"1024\" height=\"675\" src=\"https:\/\/demo.pensiongrol.nl\/wp-content\/uploads\/2026\/04\/Deze-vervangen-ivm-vlek-18463-1024x675.jpg\" alt=\"\" class=\"wp-image-158\" style=\"border-radius:4px\" srcset=\"https:\/\/demo.pensiongrol.nl\/wp-content\/uploads\/2026\/04\/Deze-vervangen-ivm-vlek-18463-1024x675.jpg 1024w, https:\/\/demo.pensiongrol.nl\/wp-content\/uploads\/2026\/04\/Deze-vervangen-ivm-vlek-18463-300x198.jpg 300w, https:\/\/demo.pensiongrol.nl\/wp-content\/uploads\/2026\/04\/Deze-vervangen-ivm-vlek-18463-768x507.jpg 768w, https:\/\/demo.pensiongrol.nl\/wp-content\/uploads\/2026\/04\/Deze-vervangen-ivm-vlek-18463.jpg 1031w\" sizes=\"auto, (max-width: 1024px) 100vw, 1024px\" \/><\/figure>\n<p><!-- \/wp:image --><br \/>\n<!-- wp:image {\"id\":159,\"sizeSlug\":\"large\",\"style\":{\"border\":{\"radius\":\"4px\"}}} --><\/p>\n<figure class=\"wp-block-image size-large has-custom-border\"><img loading=\"lazy\" decoding=\"async\" width=\"1024\" height=\"649\" src=\"https:\/\/demo.pensiongrol.nl\/wp-content\/uploads\/2026\/04\/kij-1024x649.png\" alt=\"\" class=\"wp-image-159\" style=\"border-radius:4px\" srcset=\"https:\/\/demo.pensiongrol.nl\/wp-content\/uploads\/2026\/04\/kij-1024x649.png 1024w, https:\/\/demo.pensiongrol.nl\/wp-content\/uploads\/2026\/04\/kij-300x190.png 300w, https:\/\/demo.pensiongrol.nl\/wp-content\/uploads\/2026\/04\/kij-768x487.png 768w, https:\/\/demo.pensiongrol.nl\/wp-content\/uploads\/2026\/04\/kij.png 1109w\" sizes=\"auto, (max-width: 1024px) 100vw, 1024px\" \/><\/figure>\n<p><!-- \/wp:image --><br \/>\n<!-- wp:image {\"id\":160,\"sizeSlug\":\"large\",\"style\":{\"border\":{\"radius\":\"4px\"}}} --><\/p>\n<figure class=\"wp-block-image size-large has-custom-border\"><img loading=\"lazy\" decoding=\"async\" width=\"1024\" height=\"723\" src=\"https:\/\/demo.pensiongrol.nl\/wp-content\/uploads\/2026\/04\/29347-kopie-1024x723.jpg\" alt=\"\" class=\"wp-image-160\" style=\"border-radius:4px\" srcset=\"https:\/\/demo.pensiongrol.nl\/wp-content\/uploads\/2026\/04\/29347-kopie-1024x723.jpg 1024w, https:\/\/demo.pensiongrol.nl\/wp-content\/uploads\/2026\/04\/29347-kopie-300x212.jpg 300w, https:\/\/demo.pensiongrol.nl\/wp-content\/uploads\/2026\/04\/29347-kopie-768x542.jpg 768w, https:\/\/demo.pensiongrol.nl\/wp-content\/uploads\/2026\/04\/29347-kopie.jpg 1332w\" sizes=\"auto, (max-width: 1024px) 100vw, 1024px\" \/><\/figure>\n<p><!-- \/wp:image --><br \/>\n<\/figure>\n<p><!-- \/wp:gallery -->\n<\/div>\n<p><!-- \/wp:group --><\/p>\n","protected":false},"excerpt":{"rendered":"<p>Histoire de \u2019t HUYS GROL \u00e0 Renesse Vers 1690, la maison Strijland a \u00e9t\u00e9 profond\u00e9ment transform\u00e9e en la propri\u00e9t\u00e9 de campagne \u2019t Huys Grol par le marchand amstellodamois Marinus de Jonge. GROL, comme Marinus de Jonge a nomm\u00e9 sa propri\u00e9t\u00e9 vers 1690, signifie \u00ab vert \u00bb. \u00ab Grol \u00bb, en tant qu\u2019ancien nom n\u00e9erlandais pour [&hellip;]<\/p>\n","protected":false},"author":1,"featured_media":0,"parent":0,"menu_order":8,"comment_status":"closed","ping_status":"closed","template":"","meta":{"_acf_changed":false,"footnotes":""},"class_list":["post-302","page","type-page","status-publish","hentry"],"acf":[],"_links":{"self":[{"href":"https:\/\/demo.pensiongrol.nl\/fr\/wp-json\/wp\/v2\/pages\/302","targetHints":{"allow":["GET"]}}],"collection":[{"href":"https:\/\/demo.pensiongrol.nl\/fr\/wp-json\/wp\/v2\/pages"}],"about":[{"href":"https:\/\/demo.pensiongrol.nl\/fr\/wp-json\/wp\/v2\/types\/page"}],"author":[{"embeddable":true,"href":"https:\/\/demo.pensiongrol.nl\/fr\/wp-json\/wp\/v2\/users\/1"}],"replies":[{"embeddable":true,"href":"https:\/\/demo.pensiongrol.nl\/fr\/wp-json\/wp\/v2\/comments?post=302"}],"version-history":[{"count":1,"href":"https:\/\/demo.pensiongrol.nl\/fr\/wp-json\/wp\/v2\/pages\/302\/revisions"}],"predecessor-version":[{"id":303,"href":"https:\/\/demo.pensiongrol.nl\/fr\/wp-json\/wp\/v2\/pages\/302\/revisions\/303"}],"wp:attachment":[{"href":"https:\/\/demo.pensiongrol.nl\/fr\/wp-json\/wp\/v2\/media?parent=302"}],"curies":[{"name":"wp","href":"https:\/\/api.w.org\/{rel}","templated":true}]}}