{"id":293,"date":"2026-04-30T08:57:11","date_gmt":"2026-04-30T06:57:11","guid":{"rendered":"https:\/\/pensiongrol-new:8890\/accueil\/"},"modified":"2026-05-03T21:53:13","modified_gmt":"2026-05-03T19:53:13","slug":"bienvenue","status":"publish","type":"page","link":"https:\/\/demo.pensiongrol.nl\/fr\/","title":{"rendered":"Bienvenue"},"content":{"rendered":"\n<div class=\"wp-block-cover alignfull is-dark pg-hero-home\" style=\"min-height:85vh;aspect-ratio:unset;\"><span aria-hidden=\"true\" class=\"wp-block-cover__background has-background-dim-20 has-background-dim\"><\/span><img loading=\"lazy\" decoding=\"async\" width=\"1610\" height=\"822\" class=\"wp-block-cover__image-background wp-image-197\" alt=\"\" src=\"https:\/\/demo.pensiongrol.nl\/wp-content\/uploads\/2026\/04\/exterieur-pension-grol.jpg\" data-object-fit=\"cover\" srcset=\"https:\/\/demo.pensiongrol.nl\/wp-content\/uploads\/2026\/04\/exterieur-pension-grol.jpg 1610w, https:\/\/demo.pensiongrol.nl\/wp-content\/uploads\/2026\/04\/exterieur-pension-grol-300x153.jpg 300w, https:\/\/demo.pensiongrol.nl\/wp-content\/uploads\/2026\/04\/exterieur-pension-grol-1024x523.jpg 1024w, https:\/\/demo.pensiongrol.nl\/wp-content\/uploads\/2026\/04\/exterieur-pension-grol-768x392.jpg 768w, https:\/\/demo.pensiongrol.nl\/wp-content\/uploads\/2026\/04\/exterieur-pension-grol-1536x784.jpg 1536w\" sizes=\"auto, (max-width: 1610px) 100vw, 1610px\" \/><div class=\"wp-block-cover__inner-container is-layout-flow wp-block-cover-is-layout-flow\">\n\n<figure class=\"wp-block-image aligncenter size-medium pg-hero-logo\"><img loading=\"lazy\" decoding=\"async\" width=\"218\" height=\"164\" src=\"https:\/\/demo.pensiongrol.nl\/wp-content\/uploads\/2026\/04\/varshalogo-removebg-preview-1.png\" alt=\"Pension Grol\" class=\"wp-image-174\"\/><\/figure>\n\n<\/div>\n<div class=\"pg-booking-bar-wrapper\"><form class=\"pg-booking-bar\" method=\"get\" action=\"https:\/\/bookingengine.mylighthouse.com\/pension-t-huys-grol-renesse\" target=\"_blank\" rel=\"noopener\"><input type=\"hidden\" name=\"language\" value=\"fr-FR\"><div class=\"pg-booking-bar__field\"><label for=\"pg-bb-arrival\">Arriv\u00e9e<\/label><input type=\"text\" id=\"pg-bb-arrival\" name=\"Arrival\" placeholder=\"jj \/ mm \/ aaaa\" autocomplete=\"off\" required readonly><\/div><div class=\"pg-booking-bar__field\"><label for=\"pg-bb-departure\">D\u00e9part<\/label><input type=\"text\" id=\"pg-bb-departure\" name=\"Departure\" placeholder=\"jj \/ mm \/ aaaa\" autocomplete=\"off\" required readonly><\/div><div class=\"pg-booking-bar__submit-wrap\"><button type=\"submit\" class=\"pg-booking-bar__submit\">v\u00e9rifier la disponibilit\u00e9<\/button><\/div><\/form><\/div>\n\n<\/div>\n\n<div class=\"wp-block-group alignfull has-white-background-color has-background has-global-padding is-layout-constrained wp-container-core-group-is-layout-59f91f3c wp-block-group-is-layout-constrained\" style=\"padding-top:var(--wp--preset--spacing--60);padding-right:var(--wp--preset--spacing--60);padding-bottom:var(--wp--preset--spacing--40);padding-left:var(--wp--preset--spacing--60)\">\n\n<h2 class=\"wp-block-heading has-text-align-center\" style=\"font-weight:500\">H\u00f4tel-pension \u2019t Huys Grol<\/h2>\n\n\n\n<hr class=\"wp-block-separator has-text-color has-primary-color has-alpha-channel-opacity has-primary-background-color has-background pg-divider\"\/>\n\n<\/div>\n\n<div class=\"wp-block-group alignfull has-white-background-color has-background has-global-padding is-layout-constrained wp-container-core-group-is-layout-2f5dcc50 wp-block-group-is-layout-constrained\" style=\"padding-top:var(--wp--preset--spacing--40);padding-right:var(--wp--preset--spacing--60);padding-bottom:var(--wp--preset--spacing--60);padding-left:var(--wp--preset--spacing--60)\">\n\n<div class=\"wp-block-columns are-vertically-aligned-center is-layout-flex wp-container-core-columns-is-layout-adc57f8e wp-block-columns-is-layout-flex\">\n\n<div class=\"wp-block-column is-vertically-aligned-center is-layout-flow wp-block-column-is-layout-flow\" style=\"flex-basis:55%\">\n\n<h2 class=\"wp-block-heading\">BIENVENUE SUR NOTRE SITE INTERNET<\/h2>\n\n\n\n<p class=\"wp-block-paragraph\">Bienvenue sur le site internet de notre pension luxueuse et particuli\u00e8rement chaleureuse \u00e0 Renesse.<\/p>\n\n\n\n<p class=\"wp-block-paragraph\">Le Huis Grol est une ancienne demeure seigneuriale enti\u00e8rement restaur\u00e9e, situ\u00e9e en bordure des dunes int\u00e9rieures de l\u2019\u00eele de Schouwen-Duiveland.<\/p>\n\n\n\n<p class=\"wp-block-paragraph\">La Pension Grol b\u00e9n\u00e9ficie d\u2019un emplacement tr\u00e8s central, juste \u00e0 la lisi\u00e8re du centre de Renesse. La maison a \u00e9t\u00e9 construite \u00e0 l\u2019origine en 1599, puis reconstruite \u00e0 plusieurs reprises, la derni\u00e8re fois en 1870. L\u2019\u00e9difice est class\u00e9 aux Monuments historiques.  <\/p>\n\n\n\n<p class=\"wp-block-paragraph\">La Pension Grol est une entreprise familiale qui existe depuis 1975.<\/p>\n\n\n\n<div class=\"wp-block-buttons is-layout-flex wp-block-buttons-is-layout-flex\">\n\n<div class=\"wp-block-button\"><a class=\"wp-block-button__link has-white-color has-accent-background-color has-text-color has-background wp-element-button\" href=\"https:\/\/bookingengine.mylighthouse.com\/pension-t-huys-grol-renesse\">R\u00e9servez votre chambre ici<\/a><\/div>\n\n<\/div>\n\n<\/div>\n\n\n<div class=\"wp-block-column is-vertically-aligned-center is-layout-flow wp-block-column-is-layout-flow\" style=\"flex-basis:45%\">\n\n<figure class=\"wp-block-image size-large\"><img loading=\"lazy\" decoding=\"async\" width=\"1024\" height=\"682\" src=\"https:\/\/demo.pensiongrol.nl\/wp-content\/uploads\/2026\/04\/21490_HuisGrol-Renesse-18-1024x682.jpg\" alt=\"\" class=\"wp-image-175\" srcset=\"https:\/\/demo.pensiongrol.nl\/wp-content\/uploads\/2026\/04\/21490_HuisGrol-Renesse-18-1024x682.jpg 1024w, https:\/\/demo.pensiongrol.nl\/wp-content\/uploads\/2026\/04\/21490_HuisGrol-Renesse-18-300x200.jpg 300w, https:\/\/demo.pensiongrol.nl\/wp-content\/uploads\/2026\/04\/21490_HuisGrol-Renesse-18-768x512.jpg 768w, https:\/\/demo.pensiongrol.nl\/wp-content\/uploads\/2026\/04\/21490_HuisGrol-Renesse-18.jpg 1141w\" sizes=\"auto, (max-width: 1024px) 100vw, 1024px\" \/><\/figure>\n\n<\/div>\n\n<\/div>\n\n<\/div>\n\n<div class=\"wp-block-group alignfull has-global-padding is-layout-constrained wp-container-core-group-is-layout-2f5dcc50 wp-block-group-is-layout-constrained\" style=\"padding-top:var(--wp--preset--spacing--40);padding-right:var(--wp--preset--spacing--60);padding-bottom:var(--wp--preset--spacing--60);padding-left:var(--wp--preset--spacing--60)\">\n\n<div class=\"wp-block-columns are-vertically-aligned-stretch is-layout-flex wp-container-core-columns-is-layout-adc57f8e wp-block-columns-is-layout-flex\">\n\n<div class=\"wp-block-column has-white-color has-primary-background-color has-text-color has-background pg-card-green is-layout-flow wp-block-column-is-layout-flow\" style=\"padding:var(--wp--preset--spacing--40);flex-basis:33.33%\">\n\n<h3 class=\"wp-block-heading has-white-color has-text-color has-large-font-size\" style=\"letter-spacing:0.05em\">CH\u00c8QUE-CADEAU<\/h3>\n\n\n\n<p class=\"has-white-color has-text-color has-small-font-size wp-block-paragraph\">Vous souhaitez offrir un ch\u00e8que-cadeau ?<\/p>\n\n\n<figure class=\"wp-block-image size-medium\"><img loading=\"lazy\" decoding=\"async\" width=\"191\" height=\"214\" src=\"https:\/\/demo.pensiongrol.nl\/wp-content\/uploads\/2026\/04\/gift.png\" alt=\"Ch&#xE8;que-cadeau\" class=\"wp-image-183\"\/><\/figure>\n\n\n<div class=\"wp-block-buttons is-layout-flex wp-block-buttons-is-layout-flex\">\n\n<div class=\"wp-block-button has-custom-font-size has-small-font-size\"><a class=\"wp-block-button__link has-white-color has-accent-background-color has-text-color has-background wp-element-button\" href=\"https:\/\/demo.pensiongrol.nl\/fr\/bon-dachat\/\">CLIQUEZ ICI<\/a><\/div>\n\n<\/div>\n\n<\/div>\n\n\n<div class=\"wp-block-column has-white-color has-primary-background-color has-text-color has-background pg-card-green pg-features-centered is-layout-flow wp-block-column-is-layout-flow\" style=\"padding:var(--wp--preset--spacing--40);flex-basis:33.33%\">\n\n<ul class=\"wp-block-list pg-feature-list has-white-color has-text-color\">\n<li>Parking gratuit<\/li>\n<li>Wi-Fi gratuit<\/li>\n<li>Caf\u00e9 et th\u00e9 gratuits en chambre<\/li>\n<li>R\u00e9frig\u00e9rateur en chambre<\/li>\n<\/ul>\n\n<\/div>\n\n\n<div class=\"wp-block-column has-white-color has-primary-background-color has-text-color has-background pg-card-green is-layout-flow wp-block-column-is-layout-flow\" style=\"padding:var(--wp--preset--spacing--40);flex-basis:33.33%\">\n\n<h3 class=\"wp-block-heading has-white-color has-text-color has-large-font-size\" style=\"letter-spacing:0.05em\">LIVRE D\u2019OR<\/h3>\n\n\n\n<p class=\"has-white-color has-text-color has-small-font-size wp-block-paragraph\">Nous serions ravis de conna\u00eetre votre avis ! N\u2019h\u00e9sitez pas \u00e0 remplir notre livre d\u2019or. <\/p>\n\n\n<figure class=\"wp-block-image size-medium\"><img loading=\"lazy\" decoding=\"async\" width=\"183\" height=\"214\" src=\"https:\/\/demo.pensiongrol.nl\/wp-content\/uploads\/2026\/04\/Untitled-00.png\" alt=\"Livre d&#x2019;or\" class=\"wp-image-184\"\/><\/figure>\n\n\n<div class=\"wp-block-buttons is-layout-flex wp-block-buttons-is-layout-flex\">\n\n<div class=\"wp-block-button has-custom-font-size has-small-font-size\"><a class=\"wp-block-button__link has-white-color has-accent-background-color has-text-color has-background wp-element-button\" href=\"https:\/\/demo.pensiongrol.nl\/fr\/livre-dor\/\">CLIQUEZ ICI<\/a><\/div>\n\n<\/div>\n\n<\/div>\n\n<\/div>\n\n<\/div>\n\n<div class=\"wp-block-group alignfull has-off-white-background-color has-background has-global-padding is-layout-constrained wp-container-core-group-is-layout-1758bc07 wp-block-group-is-layout-constrained\" style=\"padding-top:var(--wp--preset--spacing--60);padding-right:var(--wp--preset--spacing--60);padding-bottom:var(--wp--preset--spacing--60);padding-left:var(--wp--preset--spacing--60)\">\n\n<h2 class=\"wp-block-heading has-text-align-center\">La Pension Grol m\u00e9rite amplement une visite pour les raisons suivantes :<\/h2>\n\n\n\n<ul class=\"wp-block-list\"><li>Situation tr\u00e8s centrale, \u00e0 environ 100 m\u00e8tres de l\u2019agr\u00e9able place de l\u2019\u00e9glise (Kerkplein)<\/li><li>Magnifiques chambres spacieuses dans un b\u00e2timent unique class\u00e9 monument historique<\/li><li>Notre jardin : une oasis de verdure et de calme \u00e0 deux pas du centre<\/li><li>Petit-d\u00e9jeuner servi en chambre ou, si vous le souhaitez, dans le jardin<\/li><li>Vastes parkings gratuits ; suffisamment de places pour tous nos clients<\/li><li>\u00c9tablissement \u00e0 taille humaine ; service personnalis\u00e9<\/li><li>Excellent rapport qualit\u00e9-prix ; et tout est inclus\u2026 petit-d\u00e9jeuner + taxe de s\u00e9jour<\/li><li>Point de d\u00e9part id\u00e9al pour des randonn\u00e9es \u00e0 v\u00e9lo ou \u00e0 pied<\/li><li>La vaste plage de la mer du Nord \u00e0 environ 800 m\u00e8tres<\/li><li>La pointe ouest de l\u2019\u00eele de Schouwen-Duiveland b\u00e9n\u00e9ficie du plus grand nombre d\u2019heures d\u2019ensoleillement des Pays-Bas<\/li><li>En r\u00e9sum\u00e9 : le lieu id\u00e9al pour de merveilleuses vacances<\/li><\/ul>\n\n<\/div>\n\n<div class=\"wp-block-group alignfull pg-section-dark has-background is-layout-flow wp-block-group-is-layout-flow\" style=\"background-color:#364028;padding-top:var(--wp--preset--spacing--70);padding-right:var(--wp--preset--spacing--70);padding-bottom:var(--wp--preset--spacing--70);padding-left:var(--wp--preset--spacing--70)\">\n\n<div class=\"wp-block-columns are-vertically-aligned-center is-layout-flex wp-container-core-columns-is-layout-15162fc0 wp-block-columns-is-layout-flex\">\n\n<div class=\"wp-block-column is-vertically-aligned-center is-layout-flow wp-block-column-is-layout-flow\" style=\"flex-basis:50%\">\n<figure class=\"wp-block-image size-large\"><img loading=\"lazy\" decoding=\"async\" width=\"1024\" height=\"683\" src=\"https:\/\/demo.pensiongrol.nl\/wp-content\/uploads\/2026\/04\/pension_grol_renesse_ontbijt-3-scaled-1-1024x683.jpg\" alt=\"Petit-d&#xE9;jeuner\" class=\"wp-image-201\" srcset=\"https:\/\/demo.pensiongrol.nl\/wp-content\/uploads\/2026\/04\/pension_grol_renesse_ontbijt-3-scaled-1-1024x683.jpg 1024w, https:\/\/demo.pensiongrol.nl\/wp-content\/uploads\/2026\/04\/pension_grol_renesse_ontbijt-3-scaled-1-300x200.jpg 300w, https:\/\/demo.pensiongrol.nl\/wp-content\/uploads\/2026\/04\/pension_grol_renesse_ontbijt-3-scaled-1-768x512.jpg 768w, https:\/\/demo.pensiongrol.nl\/wp-content\/uploads\/2026\/04\/pension_grol_renesse_ontbijt-3-scaled-1-1536x1024.jpg 1536w, https:\/\/demo.pensiongrol.nl\/wp-content\/uploads\/2026\/04\/pension_grol_renesse_ontbijt-3-scaled-1-2048x1366.jpg 2048w\" sizes=\"auto, (max-width: 1024px) 100vw, 1024px\" \/><\/figure>\n<\/div>\n\n\n<div class=\"wp-block-column is-vertically-aligned-center is-layout-flow wp-block-column-is-layout-flow\" style=\"flex-basis:50%\">\n\n<h2 class=\"wp-block-heading has-white-color has-text-color\">R\u00e9veillez-vous avec un d\u00e9licieux petit-d\u00e9jeuner<\/h2>\n\n\n\n<hr class=\"wp-block-separator has-text-color has-accent-color has-alpha-channel-opacity has-accent-background-color has-background pg-divider\"\/>\n\n\n\n<p class=\"has-white-color has-text-color wp-block-paragraph\">Le petit-d\u00e9jeuner copieux \u2014 accompagn\u00e9 d\u2019un verre de jus d\u2019orange fra\u00eechement press\u00e9 \u2014 est normalement servi dans votre chambre. Si le temps le permet, vous pouvez \u00e9galement prendre votre petit-d\u00e9jeuner dans notre magnifique jardin. <\/p>\n\n\n\n<p class=\"has-white-color has-text-color wp-block-paragraph\">\u00c0 l\u2019heure que vous nous aurez indiqu\u00e9e (entre 8h30 et 9h30), nous pr\u00e9parerons votre petit-d\u00e9jeuner et frapperons \u00e0 la porte de votre chambre, ou nous l\u2019apporterons \u00e0 l\u2019ext\u00e9rieur si vous souhaitez en profiter dans notre superbe jardin.<\/p>\n\n\n\n<div class=\"wp-block-buttons is-layout-flex wp-block-buttons-is-layout-flex\">\n\n<div class=\"wp-block-button\"><a class=\"wp-block-button__link has-white-color has-accent-background-color has-text-color has-background wp-element-button\" href=\"https:\/\/bookingengine.mylighthouse.com\/pension-t-huys-grol-renesse\">R\u00e9servez votre chambre ici<\/a><\/div>\n\n<\/div>\n\n<\/div>\n\n<\/div>\n\n<\/div>\n\n<div class=\"wp-block-group alignfull has-global-padding is-layout-constrained wp-container-core-group-is-layout-be887331 wp-block-group-is-layout-constrained\" style=\"padding-top:var(--wp--preset--spacing--70);padding-right:var(--wp--preset--spacing--70);padding-bottom:var(--wp--preset--spacing--70);padding-left:var(--wp--preset--spacing--70)\">\n\n<h2 class=\"wp-block-heading has-text-align-center\">Chambres d\u2019h\u00f4tes luxueuses et confortables<\/h2>\n\n\n\n<hr class=\"wp-block-separator has-text-color has-accent-color has-alpha-channel-opacity has-accent-background-color has-background pg-divider\"\/>\n\n\n\n<p class=\"has-text-align-center wp-block-paragraph\">Notre magnifique pension dispose de dix chambres d\u2019h\u00f4tes luxueuses et confortables, o\u00f9 vous vous sentirez rapidement comme chez vous. Chaque chambre est unique. Toutes les chambres sont spacieuses, d\u00e9cor\u00e9es avec go\u00fbt et dot\u00e9es de tout le confort moderne.<\/p>\n\n\n<div class=\"pg-carousel pg-carousel--coverflow swiper\" data-effect=\"coverflow\" data-per-view=\"3\" style=\"--pg-carousel-height:380px\"><div class=\"swiper-wrapper\"><div class=\"swiper-slide pg-carousel__slide\"><img decoding=\"async\" src=\"https:\/\/demo.pensiongrol.nl\/wp-content\/uploads\/2026\/04\/IMG_5628-opti-1024x683.jpg\" alt=\"\" loading=\"lazy\"><\/div><div class=\"swiper-slide pg-carousel__slide\"><img decoding=\"async\" src=\"https:\/\/demo.pensiongrol.nl\/wp-content\/uploads\/2026\/04\/Pension_Grol_20220331_19-lowres-1024x684.jpg\" alt=\"\" loading=\"lazy\"><\/div><div class=\"swiper-slide pg-carousel__slide\"><img decoding=\"async\" src=\"https:\/\/demo.pensiongrol.nl\/wp-content\/uploads\/2026\/04\/Pension_Grol_20220331_05-lowres-1024x684.jpg\" alt=\"\" loading=\"lazy\"><\/div><div class=\"swiper-slide pg-carousel__slide\"><img decoding=\"async\" src=\"https:\/\/demo.pensiongrol.nl\/wp-content\/uploads\/2026\/04\/Pension_Grol_20220331_10-lowres-1024x684.jpg\" alt=\"\" loading=\"lazy\"><\/div><div class=\"swiper-slide pg-carousel__slide\"><img decoding=\"async\" src=\"https:\/\/demo.pensiongrol.nl\/wp-content\/uploads\/2026\/04\/Pension_Grol_20220331_13-lowres-1024x684.jpg\" alt=\"\" loading=\"lazy\"><\/div><div class=\"swiper-slide pg-carousel__slide\"><img decoding=\"async\" src=\"https:\/\/demo.pensiongrol.nl\/wp-content\/uploads\/2026\/04\/Pension_Grol_20220331_18-lowres-1024x684.jpg\" alt=\"\" loading=\"lazy\"><\/div><div class=\"swiper-slide pg-carousel__slide\"><img decoding=\"async\" src=\"https:\/\/demo.pensiongrol.nl\/wp-content\/uploads\/2026\/04\/Hoofdfoto-Kopfoto-kamerspension_grol_renesse_prestigekamer-1-1024x682.jpg\" alt=\"\" loading=\"lazy\"><\/div><div class=\"swiper-slide pg-carousel__slide\"><img decoding=\"async\" src=\"https:\/\/demo.pensiongrol.nl\/wp-content\/uploads\/2026\/04\/Pension_Grol_20220331_25-lowres-1024x684.jpg\" alt=\"\" loading=\"lazy\"><\/div><div class=\"swiper-slide pg-carousel__slide\"><img decoding=\"async\" src=\"https:\/\/demo.pensiongrol.nl\/wp-content\/uploads\/2026\/04\/Pension_Grol_20220331_29-lowres-1024x684.jpg\" alt=\"\" loading=\"lazy\"><\/div><div class=\"swiper-slide pg-carousel__slide\"><img decoding=\"async\" src=\"https:\/\/demo.pensiongrol.nl\/wp-content\/uploads\/2026\/04\/Pension_Grol_20220331_21-lowres-1024x684.jpg\" alt=\"\" loading=\"lazy\"><\/div><\/div><button class=\"swiper-button-prev pg-carousel__prev\" type=\"button\" aria-label=\"Vorige\"><\/button><button class=\"swiper-button-next pg-carousel__next\" type=\"button\" aria-label=\"Volgende\"><\/button><\/div>\n\n\n\n<div class=\"wp-block-buttons is-content-justification-center is-layout-flex wp-container-core-buttons-is-layout-63965413 wp-block-buttons-is-layout-flex\" style=\"margin-top:var(--wp--preset--spacing--40)\">\n\n<div class=\"wp-block-button\"><a class=\"wp-block-button__link has-white-color has-primary-background-color has-text-color has-background wp-element-button\" href=\"\/kamers\/\">Voir toutes les chambres<\/a><\/div>\n\n<\/div>\n\n<\/div>\n\n<div class=\"wp-block-cover alignfull is-dark\" style=\"min-height:60vh;padding-top:var(--wp--preset--spacing--70);padding-right:var(--wp--preset--spacing--70);padding-bottom:var(--wp--preset--spacing--70);padding-left:var(--wp--preset--spacing--70);aspect-ratio:unset;\"><span aria-hidden=\"true\" class=\"wp-block-cover__background has-background-dim-30 has-background-dim\"><\/span><img loading=\"lazy\" decoding=\"async\" width=\"1920\" height=\"695\" class=\"wp-block-cover__image-background wp-image-198\" alt=\"\" src=\"https:\/\/demo.pensiongrol.nl\/wp-content\/uploads\/2026\/04\/pension-grol-renesse-strand-bij-avond-v2.jpg\" data-object-fit=\"cover\" srcset=\"https:\/\/demo.pensiongrol.nl\/wp-content\/uploads\/2026\/04\/pension-grol-renesse-strand-bij-avond-v2.jpg 1920w, https:\/\/demo.pensiongrol.nl\/wp-content\/uploads\/2026\/04\/pension-grol-renesse-strand-bij-avond-v2-300x109.jpg 300w, https:\/\/demo.pensiongrol.nl\/wp-content\/uploads\/2026\/04\/pension-grol-renesse-strand-bij-avond-v2-1024x371.jpg 1024w, https:\/\/demo.pensiongrol.nl\/wp-content\/uploads\/2026\/04\/pension-grol-renesse-strand-bij-avond-v2-768x278.jpg 768w, https:\/\/demo.pensiongrol.nl\/wp-content\/uploads\/2026\/04\/pension-grol-renesse-strand-bij-avond-v2-1536x556.jpg 1536w\" sizes=\"auto, (max-width: 1920px) 100vw, 1920px\" \/><div class=\"wp-block-cover__inner-container is-layout-flow wp-block-cover-is-layout-flow\">\n\n<div class=\"wp-block-columns is-layout-flex wp-container-core-columns-is-layout-adc57f8e wp-block-columns-is-layout-flex\">\n\n<div class=\"wp-block-column is-layout-flow wp-block-column-is-layout-flow\" style=\"flex-basis:40%\">\n\n<h2 class=\"wp-block-heading has-white-color has-text-color\">Plages \u00e9tendues<\/h2>\n\n\n\n<hr class=\"wp-block-separator has-text-color has-accent-color has-alpha-channel-opacity has-accent-background-color has-background pg-divider\"\/>\n\n\n\n<p class=\"has-white-color has-text-color wp-block-paragraph\">La Pension Grol se trouve \u00e0 seulement 100 m\u00e8tres du centre anim\u00e9 de Renesse, avec ses nombreuses boutiques et ses restaurants. En 15 minutes de marche, vous rejoindrez la vaste plage de la mer du Nord. Ici, vous pourrez vous baigner dans la mer ou faire une longue promenade sur le sable.<\/p>\n\n\n\n<div class=\"wp-block-buttons is-layout-flex wp-block-buttons-is-layout-flex\">\n\n<div class=\"wp-block-button\"><a class=\"wp-block-button__link has-white-color has-accent-background-color has-text-color has-background wp-element-button\" href=\"https:\/\/demo.pensiongrol.nl\/fr\/environs\/\">En savoir plus<\/a><\/div>\n\n<\/div>\n\n<\/div>\n\n<div class=\"wp-block-column is-layout-flow wp-block-column-is-layout-flow\" style=\"flex-basis:60%\"><\/div>\n<\/div>\n\n<\/div><\/div>\n\n<div class=\"wp-block-group alignfull has-global-padding is-layout-constrained wp-container-core-group-is-layout-be887331 wp-block-group-is-layout-constrained\" style=\"padding-top:var(--wp--preset--spacing--70);padding-right:var(--wp--preset--spacing--70);padding-bottom:var(--wp--preset--spacing--70);padding-left:var(--wp--preset--spacing--70)\">\n\n<h2 class=\"wp-block-heading has-text-align-center\">Pourquoi choisir la Pension Grol<\/h2>\n\n\n\n<hr class=\"wp-block-separator has-text-color has-accent-color has-alpha-channel-opacity has-accent-background-color has-background pg-divider\"\/>\n\n\n\n<div class=\"wp-block-columns is-layout-flex wp-container-core-columns-is-layout-adc57f8e wp-block-columns-is-layout-flex\">\n\n<div class=\"wp-block-column pg-card is-layout-flow wp-block-column-is-layout-flow\">\n<figure class=\"wp-block-image size-large\"><img loading=\"lazy\" decoding=\"async\" width=\"1024\" height=\"560\" src=\"https:\/\/demo.pensiongrol.nl\/wp-content\/uploads\/2026\/04\/IMG_3191-1024x560.jpg\" alt=\"&#xC0; PROPOS DE NOUS\" class=\"wp-image-162\" srcset=\"https:\/\/demo.pensiongrol.nl\/wp-content\/uploads\/2026\/04\/IMG_3191-1024x560.jpg 1024w, https:\/\/demo.pensiongrol.nl\/wp-content\/uploads\/2026\/04\/IMG_3191-300x164.jpg 300w, https:\/\/demo.pensiongrol.nl\/wp-content\/uploads\/2026\/04\/IMG_3191-768x420.jpg 768w, https:\/\/demo.pensiongrol.nl\/wp-content\/uploads\/2026\/04\/IMG_3191-1536x840.jpg 1536w, https:\/\/demo.pensiongrol.nl\/wp-content\/uploads\/2026\/04\/IMG_3191.jpg 1920w\" sizes=\"auto, (max-width: 1024px) 100vw, 1024px\" \/><\/figure>\n\n\n<h3 class=\"wp-block-heading has-text-align-center has-large-font-size\" style=\"letter-spacing:0.05em\">\u00c0 PROPOS DE NOUS<\/h3>\n\n\n\n<p class=\"has-text-align-center has-small-font-size wp-block-paragraph\">Nous sommes Margot van der Aart &amp; Michiel Smit, tous deux n\u00e9s en 1972.<\/p>\n\n\n\n<div class=\"wp-block-buttons is-content-justification-center is-layout-flex wp-container-core-buttons-is-layout-ee856660 wp-block-buttons-is-layout-flex\">\n\n<div class=\"wp-block-button has-custom-font-size has-small-font-size\"><a class=\"wp-block-button__link has-white-color has-primary-background-color has-text-color has-background wp-element-button\" href=\"https:\/\/demo.pensiongrol.nl\/fr\/a-propos-de-nous\/\">En savoir plus<\/a><\/div>\n\n<\/div>\n\n<\/div>\n\n\n<div class=\"wp-block-column pg-card is-layout-flow wp-block-column-is-layout-flow\">\n<figure class=\"wp-block-image size-large\"><img loading=\"lazy\" decoding=\"async\" width=\"1024\" height=\"682\" src=\"https:\/\/demo.pensiongrol.nl\/wp-content\/uploads\/2026\/04\/Hoofdfoto-Kopfoto-kamerspension_grol_renesse_prestigekamer-1-1024x682.jpg\" alt=\"CHAMBRES D&#x2019;H&#xD4;TES CONFORTABLES\" class=\"wp-image-70\" srcset=\"https:\/\/demo.pensiongrol.nl\/wp-content\/uploads\/2026\/04\/Hoofdfoto-Kopfoto-kamerspension_grol_renesse_prestigekamer-1-1024x682.jpg 1024w, https:\/\/demo.pensiongrol.nl\/wp-content\/uploads\/2026\/04\/Hoofdfoto-Kopfoto-kamerspension_grol_renesse_prestigekamer-1-300x200.jpg 300w, https:\/\/demo.pensiongrol.nl\/wp-content\/uploads\/2026\/04\/Hoofdfoto-Kopfoto-kamerspension_grol_renesse_prestigekamer-1-768x512.jpg 768w, https:\/\/demo.pensiongrol.nl\/wp-content\/uploads\/2026\/04\/Hoofdfoto-Kopfoto-kamerspension_grol_renesse_prestigekamer-1-1536x1024.jpg 1536w, https:\/\/demo.pensiongrol.nl\/wp-content\/uploads\/2026\/04\/Hoofdfoto-Kopfoto-kamerspension_grol_renesse_prestigekamer-1.jpg 1970w\" sizes=\"auto, (max-width: 1024px) 100vw, 1024px\" \/><\/figure>\n\n\n<h3 class=\"wp-block-heading has-text-align-center has-large-font-size\" style=\"letter-spacing:0.05em\">CHAMBRES D\u2019H\u00d4TES CONFORTABLES<\/h3>\n\n\n\n<p class=\"has-text-align-center has-small-font-size wp-block-paragraph\">En r\u00e9servant directement aupr\u00e8s de nous, vous b\u00e9n\u00e9ficierez toujours du meilleur prix.<\/p>\n\n\n\n<div class=\"wp-block-buttons is-content-justification-center is-layout-flex wp-container-core-buttons-is-layout-ee856660 wp-block-buttons-is-layout-flex\">\n\n<div class=\"wp-block-button has-custom-font-size has-small-font-size\"><a class=\"wp-block-button__link has-white-color has-primary-background-color has-text-color has-background wp-element-button\" href=\"\/kamers\/\">En savoir plus<\/a><\/div>\n\n<\/div>\n\n<\/div>\n\n\n<div class=\"wp-block-column pg-card is-layout-flow wp-block-column-is-layout-flow\">\n<figure class=\"wp-block-image size-large\"><img loading=\"lazy\" decoding=\"async\" width=\"1024\" height=\"682\" src=\"https:\/\/demo.pensiongrol.nl\/wp-content\/uploads\/2026\/04\/Huis-Grol-Renesse-9-1024x682.jpg\" alt=\"UN MAGNIFIQUE JARDIN\" class=\"wp-image-143\" srcset=\"https:\/\/demo.pensiongrol.nl\/wp-content\/uploads\/2026\/04\/Huis-Grol-Renesse-9-1024x682.jpg 1024w, https:\/\/demo.pensiongrol.nl\/wp-content\/uploads\/2026\/04\/Huis-Grol-Renesse-9-300x200.jpg 300w, https:\/\/demo.pensiongrol.nl\/wp-content\/uploads\/2026\/04\/Huis-Grol-Renesse-9-768x512.jpg 768w, https:\/\/demo.pensiongrol.nl\/wp-content\/uploads\/2026\/04\/Huis-Grol-Renesse-9-1536x1024.jpg 1536w, https:\/\/demo.pensiongrol.nl\/wp-content\/uploads\/2026\/04\/Huis-Grol-Renesse-9.jpg 1970w\" sizes=\"auto, (max-width: 1024px) 100vw, 1024px\" \/><\/figure>\n\n\n<h3 class=\"wp-block-heading has-text-align-center has-large-font-size\" style=\"letter-spacing:0.05em\">UN MAGNIFIQUE JARDIN<\/h3>\n\n\n\n<p class=\"has-text-align-center has-small-font-size wp-block-paragraph\">La Pension Grol poss\u00e8de un superbe jardin (3 000 m\u00b2) am\u00e9nag\u00e9 dans le style paysager anglais.<\/p>\n\n\n\n<div class=\"wp-block-buttons is-content-justification-center is-layout-flex wp-container-core-buttons-is-layout-ee856660 wp-block-buttons-is-layout-flex\">\n\n<div class=\"wp-block-button has-custom-font-size has-small-font-size\"><a class=\"wp-block-button__link has-white-color has-primary-background-color has-text-color has-background wp-element-button\" href=\"https:\/\/demo.pensiongrol.nl\/fr\/jardin\/\">En savoir plus<\/a><\/div>\n\n<\/div>\n\n<\/div>\n\n<\/div>\n\n\n\n<div class=\"wp-block-columns is-layout-flex wp-container-core-columns-is-layout-adc57f8e wp-block-columns-is-layout-flex\">\n\n<div class=\"wp-block-column pg-card is-layout-flow wp-block-column-is-layout-flow\">\n<figure class=\"wp-block-image size-large\"><img loading=\"lazy\" decoding=\"async\" width=\"1024\" height=\"519\" src=\"https:\/\/demo.pensiongrol.nl\/wp-content\/uploads\/2026\/04\/renesse-duinovergang-zonsondergang-scaled-1-1024x519.jpg\" alt=\"UN CADRE MAGNIFIQUE\" class=\"wp-image-164\" srcset=\"https:\/\/demo.pensiongrol.nl\/wp-content\/uploads\/2026\/04\/renesse-duinovergang-zonsondergang-scaled-1-1024x519.jpg 1024w, https:\/\/demo.pensiongrol.nl\/wp-content\/uploads\/2026\/04\/renesse-duinovergang-zonsondergang-scaled-1-300x152.jpg 300w, https:\/\/demo.pensiongrol.nl\/wp-content\/uploads\/2026\/04\/renesse-duinovergang-zonsondergang-scaled-1-768x389.jpg 768w, https:\/\/demo.pensiongrol.nl\/wp-content\/uploads\/2026\/04\/renesse-duinovergang-zonsondergang-scaled-1-1536x779.jpg 1536w, https:\/\/demo.pensiongrol.nl\/wp-content\/uploads\/2026\/04\/renesse-duinovergang-zonsondergang-scaled-1-2048x1038.jpg 2048w\" sizes=\"auto, (max-width: 1024px) 100vw, 1024px\" \/><\/figure>\n\n\n<h3 class=\"wp-block-heading has-text-align-center has-large-font-size\" style=\"letter-spacing:0.05em\">UN CADRE MAGNIFIQUE<\/h3>\n\n\n\n<p class=\"has-text-align-center has-small-font-size wp-block-paragraph\">La Pension Grol est situ\u00e9e \u00e0 seulement 100 m\u00e8tres du centre convivial de Renesse.<\/p>\n\n\n\n<div class=\"wp-block-buttons is-content-justification-center is-layout-flex wp-container-core-buttons-is-layout-ee856660 wp-block-buttons-is-layout-flex\">\n\n<div class=\"wp-block-button has-custom-font-size has-small-font-size\"><a class=\"wp-block-button__link has-white-color has-primary-background-color has-text-color has-background wp-element-button\" href=\"https:\/\/demo.pensiongrol.nl\/fr\/environs\/\">En savoir plus<\/a><\/div>\n\n<\/div>\n\n<\/div>\n\n\n<div class=\"wp-block-column pg-card is-layout-flow wp-block-column-is-layout-flow\">\n<figure class=\"wp-block-image size-large\"><img loading=\"lazy\" decoding=\"async\" width=\"1024\" height=\"683\" src=\"https:\/\/demo.pensiongrol.nl\/wp-content\/uploads\/2026\/05\/pension-grol-fietsers-stormvloedkering-opt-1024x683.jpg\" alt=\"V&#xC9;LO ET RANDONN&#xC9;E\" class=\"wp-image-246\" srcset=\"https:\/\/demo.pensiongrol.nl\/wp-content\/uploads\/2026\/05\/pension-grol-fietsers-stormvloedkering-opt-1024x683.jpg 1024w, https:\/\/demo.pensiongrol.nl\/wp-content\/uploads\/2026\/05\/pension-grol-fietsers-stormvloedkering-opt-300x200.jpg 300w, https:\/\/demo.pensiongrol.nl\/wp-content\/uploads\/2026\/05\/pension-grol-fietsers-stormvloedkering-opt-768x512.jpg 768w, https:\/\/demo.pensiongrol.nl\/wp-content\/uploads\/2026\/05\/pension-grol-fietsers-stormvloedkering-opt-1536x1024.jpg 1536w, https:\/\/demo.pensiongrol.nl\/wp-content\/uploads\/2026\/05\/pension-grol-fietsers-stormvloedkering-opt.jpg 1920w\" sizes=\"auto, (max-width: 1024px) 100vw, 1024px\" \/><\/figure>\n\n\n<h3 class=\"wp-block-heading has-text-align-center has-large-font-size\" style=\"letter-spacing:0.05em\">V\u00c9LO ET RANDONN\u00c9E<\/h3>\n\n\n\n<p class=\"has-text-align-center has-small-font-size wp-block-paragraph\">Sur l\u2019\u00eele de Schouwen-Duiveland, vous pouvez faire de magnifiques balades \u00e0 v\u00e9lo \u00e0 travers les dunes.<\/p>\n\n\n\n<div class=\"wp-block-buttons is-content-justification-center is-layout-flex wp-container-core-buttons-is-layout-ee856660 wp-block-buttons-is-layout-flex\">\n\n<div class=\"wp-block-button has-custom-font-size has-small-font-size\"><a class=\"wp-block-button__link has-white-color has-primary-background-color has-text-color has-background wp-element-button\" href=\"https:\/\/demo.pensiongrol.nl\/fr\/environs\/\">En savoir plus<\/a><\/div>\n\n<\/div>\n\n<\/div>\n\n\n<div class=\"wp-block-column pg-card is-layout-flow wp-block-column-is-layout-flow\">\n<figure class=\"wp-block-image size-large\"><img loading=\"lazy\" decoding=\"async\" width=\"1024\" height=\"683\" src=\"https:\/\/demo.pensiongrol.nl\/wp-content\/uploads\/2026\/05\/pension-grol-stadhuis-middelburg-opt-1024x683.jpg\" alt=\"M&#xC9;RITE LE D&#xC9;TOUR\" class=\"wp-image-243\" srcset=\"https:\/\/demo.pensiongrol.nl\/wp-content\/uploads\/2026\/05\/pension-grol-stadhuis-middelburg-opt-1024x683.jpg 1024w, https:\/\/demo.pensiongrol.nl\/wp-content\/uploads\/2026\/05\/pension-grol-stadhuis-middelburg-opt-300x200.jpg 300w, https:\/\/demo.pensiongrol.nl\/wp-content\/uploads\/2026\/05\/pension-grol-stadhuis-middelburg-opt-768x512.jpg 768w, https:\/\/demo.pensiongrol.nl\/wp-content\/uploads\/2026\/05\/pension-grol-stadhuis-middelburg-opt-1536x1024.jpg 1536w, https:\/\/demo.pensiongrol.nl\/wp-content\/uploads\/2026\/05\/pension-grol-stadhuis-middelburg-opt.jpg 1920w\" sizes=\"auto, (max-width: 1024px) 100vw, 1024px\" \/><\/figure>\n\n\n<h3 class=\"wp-block-heading has-text-align-center has-large-font-size\" style=\"letter-spacing:0.05em\">M\u00c9RITE LE D\u00c9TOUR<\/h3>\n\n\n\n<p class=\"has-text-align-center has-small-font-size wp-block-paragraph\">Les superbes villes historiques de Zierikzee, Veere et Middelbourg valent vraiment le d\u00e9tour.<\/p>\n\n\n\n<div class=\"wp-block-buttons is-content-justification-center is-layout-flex wp-container-core-buttons-is-layout-ee856660 wp-block-buttons-is-layout-flex\">\n\n<div class=\"wp-block-button has-custom-font-size has-small-font-size\"><a class=\"wp-block-button__link has-white-color has-primary-background-color has-text-color has-background wp-element-button\" href=\"https:\/\/demo.pensiongrol.nl\/fr\/environs\/\">En savoir plus<\/a><\/div>\n\n<\/div>\n\n<\/div>\n\n<\/div>\n\n\n<\/div>\n","protected":false},"excerpt":{"rendered":"<p>H\u00f4tel-pension \u2019t Huys Grol BIENVENUE SUR NOTRE SITE INTERNET Bienvenue sur le site internet de notre pension luxueuse et particuli\u00e8rement chaleureuse \u00e0 Renesse. Le Huis Grol est une ancienne demeure seigneuriale enti\u00e8rement restaur\u00e9e, situ\u00e9e en bordure des dunes int\u00e9rieures de l\u2019\u00eele de Schouwen-Duiveland. La Pension Grol b\u00e9n\u00e9ficie d\u2019un emplacement tr\u00e8s central, juste \u00e0 la lisi\u00e8re [&hellip;]<\/p>\n","protected":false},"author":1,"featured_media":0,"parent":0,"menu_order":1,"comment_status":"closed","ping_status":"closed","template":"","meta":{"_acf_changed":false,"footnotes":""},"class_list":["post-293","page","type-page","status-publish","hentry"],"acf":[],"_links":{"self":[{"href":"https:\/\/demo.pensiongrol.nl\/fr\/wp-json\/wp\/v2\/pages\/293","targetHints":{"allow":["GET"]}}],"collection":[{"href":"https:\/\/demo.pensiongrol.nl\/fr\/wp-json\/wp\/v2\/pages"}],"about":[{"href":"https:\/\/demo.pensiongrol.nl\/fr\/wp-json\/wp\/v2\/types\/page"}],"author":[{"embeddable":true,"href":"https:\/\/demo.pensiongrol.nl\/fr\/wp-json\/wp\/v2\/users\/1"}],"replies":[{"embeddable":true,"href":"https:\/\/demo.pensiongrol.nl\/fr\/wp-json\/wp\/v2\/comments?post=293"}],"version-history":[{"count":6,"href":"https:\/\/demo.pensiongrol.nl\/fr\/wp-json\/wp\/v2\/pages\/293\/revisions"}],"predecessor-version":[{"id":403,"href":"https:\/\/demo.pensiongrol.nl\/fr\/wp-json\/wp\/v2\/pages\/293\/revisions\/403"}],"wp:attachment":[{"href":"https:\/\/demo.pensiongrol.nl\/fr\/wp-json\/wp\/v2\/media?parent=293"}],"curies":[{"name":"wp","href":"https:\/\/api.w.org\/{rel}","templated":true}]}}