{"id":135,"date":"2026-04-29T18:40:46","date_gmt":"2026-04-29T16:40:46","guid":{"rendered":"https:\/\/pensiongrol-new:8890\/kamer\/chambre-panoramique\/"},"modified":"2026-05-03T21:46:48","modified_gmt":"2026-05-03T19:46:48","slug":"chambre-panoramique","status":"publish","type":"kamer","link":"https:\/\/demo.pensiongrol.nl\/fr\/kamer\/chambre-panoramique\/","title":{"rendered":"Chambre Panorama"},"content":{"rendered":"<p>La Chambre Panorama est une chambre double de luxe tr\u00e8s spacieuse situ\u00e9e au deuxi\u00e8me \u00e9tage. Cet \u00ab \u00e9tage mansard\u00e9 \u00bb est class\u00e9 monument historique en raison de la construction de sa toiture, con\u00e7ue par un constructeur naval de Zierikzee. Les poutres et les chevrons forment, pour ainsi dire, un navire invers\u00e9. La salle de bain dispose d\u2019un bain \u00e0 remous. \u00c0 l\u2019arri\u00e8re se trouve une grande fen\u00eatre offrant une vue panoramique.    <\/p>\n<ul>\n<li>Lit double en coin (1,80 m x 2,00 m)<\/li>\n<li>Salle de bain avec baignoire baln\u00e9o et toilettes (sans douche s\u00e9par\u00e9e, mais avec un flexible de douche)<\/li>\n<li>Coin salon avec deux fauteuils<\/li>\n<li>Table \u00e0 manger avec deux chaises<\/li>\n<li>Armoire<\/li>\n<li>Petit r\u00e9frig\u00e9rateur<\/li>\n<li>T\u00e9l\u00e9viseur \u00e0 \u00e9cran plat (regarder la t\u00e9l\u00e9vision depuis le lit n\u2019est pas possible dans la Chambre Panorama)<\/li>\n<li>Toutes les chambres disposent d\u2019une connexion Wi-Fi gratuite, d\u2019un coffre-fort, d\u2019un r\u00e9frig\u00e9rateur, d\u2019un s\u00e8che-cheveux, d\u2019une machine \u00e0 caf\u00e9 Senseo et d\u2019une bouilloire<\/li>\n<\/ul>\n","protected":false},"excerpt":{"rendered":"<p>La Chambre Panorama est une chambre double de luxe tr\u00e8s spacieuse situ\u00e9e au deuxi\u00e8me \u00e9tage. Cet \u00ab \u00e9tage mansard\u00e9 \u00bb est class\u00e9 monument historique en raison de&#8230; <\/p>\n","protected":false},"featured_media":78,"menu_order":9,"template":"","class_list":["post-135","kamer","type-kamer","status-publish","has-post-thumbnail","hentry"],"acf":{"kamer_beschrijving":"La chambre panoramique est une tr\u00e8s spacieuse et luxueuse chambre pour deux personnes au deuxi\u00e8me \u00e9tage. Cette chambre sous les toits est ...","kamer_fotogalerij":[397,79,80,81],"kamer_max_personen":2,"kamer_prijs_van":160,"kamer_prijs_tot":200,"kamer_verdieping":"2e","kamer_oppervlakte":"","kamer_bed_type":"Tweepersoonsbed 1,80m \u00d7 2,00m","kamer_voorzieningen":["badkamer","wifi","tv","kluis"]},"_links":{"self":[{"href":"https:\/\/demo.pensiongrol.nl\/fr\/wp-json\/wp\/v2\/kamer\/135","targetHints":{"allow":["GET"]}}],"collection":[{"href":"https:\/\/demo.pensiongrol.nl\/fr\/wp-json\/wp\/v2\/kamer"}],"about":[{"href":"https:\/\/demo.pensiongrol.nl\/fr\/wp-json\/wp\/v2\/types\/kamer"}],"acf:attachment":[{"embeddable":true,"href":"https:\/\/demo.pensiongrol.nl\/fr\/wp-json\/wp\/v2\/media\/81"},{"embeddable":true,"href":"https:\/\/demo.pensiongrol.nl\/fr\/wp-json\/wp\/v2\/media\/80"},{"embeddable":true,"href":"https:\/\/demo.pensiongrol.nl\/fr\/wp-json\/wp\/v2\/media\/79"},{"embeddable":true,"href":"https:\/\/demo.pensiongrol.nl\/fr\/wp-json\/wp\/v2\/media\/397"}],"wp:featuredmedia":[{"embeddable":true,"href":"https:\/\/demo.pensiongrol.nl\/fr\/wp-json\/wp\/v2\/media\/78"}],"wp:attachment":[{"href":"https:\/\/demo.pensiongrol.nl\/fr\/wp-json\/wp\/v2\/media?parent=135"}],"curies":[{"name":"wp","href":"https:\/\/api.w.org\/{rel}","templated":true}]}}