{"id":124,"date":"2026-04-29T18:40:46","date_gmt":"2026-04-29T16:40:46","guid":{"rendered":"https:\/\/pensiongrol-new:8890\/kamer\/chambre-rouge\/"},"modified":"2026-05-03T21:45:50","modified_gmt":"2026-05-03T19:45:50","slug":"chambre-rouge","status":"publish","type":"kamer","link":"https:\/\/demo.pensiongrol.nl\/fr\/kamer\/chambre-rouge\/","title":{"rendered":"Chambre Rouge"},"content":{"rendered":"<p>La Chambre Rouge est une chambre double de luxe situ\u00e9e au rez-de-chauss\u00e9e, disposant d\u2019une entr\u00e9e priv\u00e9e depuis le jardin. C\u2019est une chambre de charme d\u00e9cor\u00e9e dans un style ancien. La salle de bain se trouve bien entendu dans la chambre, mais elle est accessible par deux marches. L\u2019entr\u00e9e priv\u00e9e comporte \u00e9galement deux marches.  <\/p>\n<ul>\n<li>Lit double (1,60 m x 2,10 m)<\/li>\n<li>Salle de bain avec douche et toilettes<\/li>\n<li>Coin salon avec deux fauteuils<\/li>\n<li>Table \u00e0 manger avec deux chaises<\/li>\n<li>Armoire<\/li>\n<li>Grand r\u00e9frig\u00e9rateur<\/li>\n<li>T\u00e9l\u00e9viseur \u00e0 \u00e9cran plat (non pivotant et non visible depuis le lit)<\/li>\n<li>Entr\u00e9e priv\u00e9e<\/li>\n<li>Chiens admis (max. 1 chien : 10,00 \u20ac par chien et par jour)<\/li>\n<li>Les chiens sont uniquement admis dans la Chambre du Milieu et dans la Chambre Rouge<\/li>\n<li>Toutes les chambres disposent d\u2019une connexion Wi-Fi gratuite, d\u2019un coffre-fort, d\u2019un r\u00e9frig\u00e9rateur, d\u2019un s\u00e8che-cheveux, d\u2019une machine \u00e0 caf\u00e9 Senseo et d\u2019une bouilloire<\/li>\n<\/ul>\n","protected":false},"excerpt":{"rendered":"<p>La Chambre Rouge, situ\u00e9e au rez-de-chauss\u00e9e, est une chambre double de luxe avec une entr\u00e9e priv\u00e9e depuis le jardin. C\u2019est une chambre de charme au style ancien. <\/p>\n","protected":false},"featured_media":90,"menu_order":5,"template":"","class_list":["post-124","kamer","type-kamer","status-publish","has-post-thumbnail","hentry"],"acf":{"kamer_beschrijving":"Chambre luxueuse pour deux personnes au rez-de-chauss\u00e9e avec entr\u00e9e priv\u00e9e par le jardin. Chaleureuse et de caract\u00e8re. La salle de bains ...","kamer_fotogalerij":[372,91,92,93],"kamer_max_personen":2,"kamer_prijs_van":140,"kamer_prijs_tot":180,"kamer_verdieping":"BG","kamer_oppervlakte":"","kamer_bed_type":"Tweepersoonsbed 1,60m \u00d7 2,10m","kamer_voorzieningen":["badkamer","wifi","tv","kluis"]},"_links":{"self":[{"href":"https:\/\/demo.pensiongrol.nl\/fr\/wp-json\/wp\/v2\/kamer\/124","targetHints":{"allow":["GET"]}}],"collection":[{"href":"https:\/\/demo.pensiongrol.nl\/fr\/wp-json\/wp\/v2\/kamer"}],"about":[{"href":"https:\/\/demo.pensiongrol.nl\/fr\/wp-json\/wp\/v2\/types\/kamer"}],"acf:attachment":[{"embeddable":true,"href":"https:\/\/demo.pensiongrol.nl\/fr\/wp-json\/wp\/v2\/media\/93"},{"embeddable":true,"href":"https:\/\/demo.pensiongrol.nl\/fr\/wp-json\/wp\/v2\/media\/92"},{"embeddable":true,"href":"https:\/\/demo.pensiongrol.nl\/fr\/wp-json\/wp\/v2\/media\/91"},{"embeddable":true,"href":"https:\/\/demo.pensiongrol.nl\/fr\/wp-json\/wp\/v2\/media\/372"}],"wp:featuredmedia":[{"embeddable":true,"href":"https:\/\/demo.pensiongrol.nl\/fr\/wp-json\/wp\/v2\/media\/90"}],"wp:attachment":[{"href":"https:\/\/demo.pensiongrol.nl\/fr\/wp-json\/wp\/v2\/media?parent=124"}],"curies":[{"name":"wp","href":"https:\/\/api.w.org\/{rel}","templated":true}]}}