{"id":112,"date":"2026-04-29T18:40:46","date_gmt":"2026-04-29T16:40:46","guid":{"rendered":"https:\/\/pensiongrol-new:8890\/kamer\/chambre-zelandaise\/"},"modified":"2026-05-03T21:45:01","modified_gmt":"2026-05-03T19:45:01","slug":"chambre-zelandaise","status":"publish","type":"kamer","link":"https:\/\/demo.pensiongrol.nl\/fr\/kamer\/chambre-zelandaise\/","title":{"rendered":"Chambre Z\u00e9landaise"},"content":{"rendered":"<p>La Chambre Z\u00e9landaise est une chambre double standard situ\u00e9e au rez-de-chauss\u00e9e. Cette chambre dispose d\u2019un petit salon, d\u2019une salle de bain avec une douche tr\u00e8s spacieuse et d\u2019une chambre s\u00e9par\u00e9e. La chambre poss\u00e8de sa propre entr\u00e9e, accessible depuis le petit jardin priv\u00e9. Cette chambre standard b\u00e9n\u00e9ficie d\u2019un am\u00e9nagement moderne. Le plafond de la Chambre Z\u00e9landaise n\u2019est pas tr\u00e8s haut, contrairement \u00e0 la plupart des autres chambres. Dans la chambre standard, le plafond mesure environ 2,20 m\u00e8tres de haut et la porte de la salle de bain ne mesure que 1,80 m\u00e8tre !<\/p>\n<ul>\n<li>Grand lit double (1,80 m x 2,10 m)<\/li>\n<li>Salle de bain avec douche tr\u00e8s spacieuse et toilettes<\/li>\n<li>Coin salon avec canap\u00e9<\/li>\n<li>Table \u00e0 manger avec deux chaises<\/li>\n<li>Grande armoire<\/li>\n<li>Petit r\u00e9frig\u00e9rateur<\/li>\n<li>T\u00e9l\u00e9viseur \u00e0 \u00e9cran plat (regarder la t\u00e9l\u00e9vision depuis le lit n\u2019est pas possible dans la Chambre Z\u00e9landaise)<\/li>\n<li>Entr\u00e9e priv\u00e9e<\/li>\n<li>Toutes les chambres disposent d\u2019une connexion Wi-Fi gratuite, d\u2019un coffre-fort, d\u2019un r\u00e9frig\u00e9rateur, d\u2019un s\u00e8che-cheveux, d\u2019une machine \u00e0 caf\u00e9 Senseo et d\u2019une bouilloire<\/li>\n<\/ul>\n","protected":false},"excerpt":{"rendered":"<p>La Chambre Z\u00e9landaise est une chambre double standard situ\u00e9e au rez-de-chauss\u00e9e. Cette chambre dispose d\u2019un petit salon, d\u2019une salle de bain avec une douche tr\u00e8s spacieuse&#8230;<\/p>\n","protected":false},"featured_media":106,"menu_order":1,"template":"","class_list":["post-112","kamer","type-kamer","status-publish","has-post-thumbnail","hentry"],"acf":{"kamer_beschrijving":"La Chambre Z\u00e9landaise est une chambre pour deux personnes au rez-de-chauss\u00e9e. Cette chambre dispose d\u2019une petite salle \u00e0 manger, d\u2019une salle ...","kamer_fotogalerij":[352,107,108,109],"kamer_max_personen":2,"kamer_prijs_van":120,"kamer_prijs_tot":160,"kamer_verdieping":"BG","kamer_oppervlakte":"","kamer_bed_type":"Tweepersoonsbed 1,80m \u00d7 2,10m","kamer_voorzieningen":["badkamer","wifi","tv","kluis"]},"_links":{"self":[{"href":"https:\/\/demo.pensiongrol.nl\/fr\/wp-json\/wp\/v2\/kamer\/112","targetHints":{"allow":["GET"]}}],"collection":[{"href":"https:\/\/demo.pensiongrol.nl\/fr\/wp-json\/wp\/v2\/kamer"}],"about":[{"href":"https:\/\/demo.pensiongrol.nl\/fr\/wp-json\/wp\/v2\/types\/kamer"}],"acf:attachment":[{"embeddable":true,"href":"https:\/\/demo.pensiongrol.nl\/fr\/wp-json\/wp\/v2\/media\/109"},{"embeddable":true,"href":"https:\/\/demo.pensiongrol.nl\/fr\/wp-json\/wp\/v2\/media\/108"},{"embeddable":true,"href":"https:\/\/demo.pensiongrol.nl\/fr\/wp-json\/wp\/v2\/media\/107"},{"embeddable":true,"href":"https:\/\/demo.pensiongrol.nl\/fr\/wp-json\/wp\/v2\/media\/352"}],"wp:featuredmedia":[{"embeddable":true,"href":"https:\/\/demo.pensiongrol.nl\/fr\/wp-json\/wp\/v2\/media\/106"}],"wp:attachment":[{"href":"https:\/\/demo.pensiongrol.nl\/fr\/wp-json\/wp\/v2\/media?parent=112"}],"curies":[{"name":"wp","href":"https:\/\/api.w.org\/{rel}","templated":true}]}}