{"id":343,"date":"2026-04-30T08:57:11","date_gmt":"2026-04-30T06:57:11","guid":{"rendered":"https:\/\/pensiongrol-new:8890\/geschichte\/"},"modified":"2026-05-03T21:53:13","modified_gmt":"2026-05-03T19:53:13","slug":"geschichte","status":"publish","type":"page","link":"https:\/\/demo.pensiongrol.nl\/de\/geschichte\/","title":{"rendered":"Geschichte"},"content":{"rendered":"\n<div class=\"wp-block-cover alignfull is-dark\" style=\"min-height:50vh;aspect-ratio:unset;\"><span aria-hidden=\"true\" class=\"wp-block-cover__background has-background-dim-40 has-background-dim\" style=\"background-color:#000000\"><\/span><img loading=\"lazy\" decoding=\"async\" width=\"1920\" height=\"1075\" class=\"wp-block-cover__image-background wp-image-154\" alt=\"\" src=\"https:\/\/demo.pensiongrol.nl\/wp-content\/uploads\/2026\/04\/pension-grol-geschiedenis.jpg\" data-object-fit=\"cover\" srcset=\"https:\/\/demo.pensiongrol.nl\/wp-content\/uploads\/2026\/04\/pension-grol-geschiedenis.jpg 1920w, https:\/\/demo.pensiongrol.nl\/wp-content\/uploads\/2026\/04\/pension-grol-geschiedenis-300x168.jpg 300w, https:\/\/demo.pensiongrol.nl\/wp-content\/uploads\/2026\/04\/pension-grol-geschiedenis-1024x573.jpg 1024w, https:\/\/demo.pensiongrol.nl\/wp-content\/uploads\/2026\/04\/pension-grol-geschiedenis-768x430.jpg 768w, https:\/\/demo.pensiongrol.nl\/wp-content\/uploads\/2026\/04\/pension-grol-geschiedenis-1536x860.jpg 1536w\" sizes=\"auto, (max-width: 1920px) 100vw, 1920px\" \/><div class=\"wp-block-cover__inner-container has-global-padding is-layout-constrained wp-container-core-cover-is-layout-04834cbf wp-block-cover-is-layout-constrained\">\n\n<h1 class=\"wp-block-heading has-text-align-center has-white-color has-text-color has-display-font-size\">Geschichte von &#8218;t Huys Grol<\/h1>\n\n\n<\/div>\n<div class=\"pg-booking-bar-wrapper\"><form class=\"pg-booking-bar\" method=\"get\" action=\"https:\/\/bookingengine.mylighthouse.com\/pension-t-huys-grol-renesse\" target=\"_blank\" rel=\"noopener\"><input type=\"hidden\" name=\"language\" value=\"de-DE\"><div class=\"pg-booking-bar__field\"><label for=\"pg-bb-arrival\">Anreise<\/label><input type=\"text\" id=\"pg-bb-arrival\" name=\"Arrival\" placeholder=\"tt \/ mm \/ jjjj\" autocomplete=\"off\" required readonly><\/div><div class=\"pg-booking-bar__field\"><label for=\"pg-bb-departure\">Abreise<\/label><input type=\"text\" id=\"pg-bb-departure\" name=\"Departure\" placeholder=\"tt \/ mm \/ jjjj\" autocomplete=\"off\" required readonly><\/div><div class=\"pg-booking-bar__submit-wrap\"><button type=\"submit\" class=\"pg-booking-bar__submit\">Verf\u00fcgbarkeit pr\u00fcfen<\/button><\/div><\/form><\/div>\n\n<\/div>\n\n<div class=\"wp-block-group alignfull has-global-padding is-layout-constrained wp-container-core-group-is-layout-c37653d1 wp-block-group-is-layout-constrained\" style=\"padding-top:var(--wp--preset--spacing--60);padding-right:var(--wp--preset--spacing--40);padding-bottom:var(--wp--preset--spacing--60);padding-left:var(--wp--preset--spacing--40)\">\n\n<h2 class=\"wp-block-heading has-text-align-center\" style=\"font-weight:500\">Geschichte von &#8218;t HUYS GROL in Renesse<\/h2>\n\n\n\n<hr class=\"wp-block-separator has-text-color has-primary-color has-alpha-channel-opacity has-primary-background-color has-background pg-divider\"\/>\n\n\n<!-- wp:paragraph [] -->\n<p><b>Huis Strijland<br \/><\/b>Volgens het oudst bewaarde \u201cveldboek\u201d, uit 1599 van Schouwen, woonde landbouwer Jan Leendertszoon hier.<\/p>\n<p><!-- wp:paragraph [] --><\/p>\n<p>Um 1690 wurde das Haus Strijland von dem Amsterdamer Kaufmann Marinus de Jonge gr\u00fcndlich zum Landsitz &#8218;t Huys Grol umgebaut.<\/p>\n<p><!-- \/wp:post-content --><\/p>\n<p><!-- wp:paragraph [] --><\/p>\n<p>GROL, wie Marinus de Jonge seinen Landsitz um 1690 nannte, hat die Bedeutung von \u201eGr\u00fcn\u201c. \u201eGrol\u201c als altniederl\u00e4ndische Bezeichnung f\u00fcr \u201eGr\u00fcn\u201c findet sich auch in \u201eGrollo\u201c als altem Namen f\u00fcr die Stadt Groenlo wieder.<\/p>\n<p><!-- \/wp:paragraph --><\/p>\n<p><!-- wp:paragraph [] --><\/p>\n<p>Im Jahr 1804 wurde &#8218;t Huys Grol gr\u00f6\u00dftenteils abgerissen und auf den Fundamenten neu errichtet. Ein Gedenkstein an der R\u00fcckseite des Hauses besagt: \u201eAdriana Jobina Tromp, de eerste steen gelegt den 12 juny 1804\u201c.<\/p>\n<p><!-- \/wp:paragraph --><\/p>\n<p><!-- wp:paragraph [] --><\/p>\n<p>Sp\u00e4ter bewohnte der Gro\u00dfgrundbesitzer Jacob Hoogenboom das Haus Grol. Als er 17 Jahre sp\u00e4ter B\u00fcrgermeister von Renesse wurde, lie\u00df er &#8218;t Huys Grol im Jahr 1870 grundlegend renovieren. An der Vorderseite wurde ein imposantes Herrenhaus errichtet, wie es sich f\u00fcr einen B\u00fcrgermeister geh\u00f6rt. Die R\u00fcckseite von &#8218;t Huys Grol blieb weitgehend intakt. Zudem lie\u00df er durch den Schmied Gilijamse aus Renesse das pr\u00e4chtige schmiedeeiserne Tor anfertigen. Auch die drei Eiben an der Dorfseite des Hauses \u2013 eine gro\u00dfe Seltenheit f\u00fcr die damalige Zeit \u2013 wurden damals gepflanzt. Sie sind heute \u00fcber 150 Jahre alt.<\/p>\n<p><!-- \/wp:paragraph --><\/p>\n<p><!-- wp:paragraph [] --><\/p>\n<p>W\u00e4hrend des Krieges wurde das Haus von den Deutschen beschlagnahmt. Es fungierte als \u201eOrtskommandantur\u201c. Im letzten Kriegsjahr (1944) wurde es ein Jahr lang als Krankenhaus genutzt.<\/p>\n<p><!-- \/wp:paragraph --><\/p>\n<p><!-- wp:gallery {\"linkTo\":\"none\",\"columns\":3,\"sizeSlug\":\"large\",\"align\":\"wide\"} --><\/p>\n<figure class=\"wp-block-gallery alignwide has-nested-images columns-3 is-cropped\">\n<!-- wp:image {\"id\":155,\"sizeSlug\":\"large\",\"style\":{\"border\":{\"radius\":\"4px\"}}} --><\/p>\n<figure class=\"wp-block-image size-large has-custom-border\"><img loading=\"lazy\" decoding=\"async\" width=\"1024\" height=\"659\" src=\"https:\/\/demo.pensiongrol.nl\/wp-content\/uploads\/2026\/04\/nbf-1024x659.png\" alt=\"\" class=\"wp-image-155\" style=\"border-radius:4px\" srcset=\"https:\/\/demo.pensiongrol.nl\/wp-content\/uploads\/2026\/04\/nbf-1024x659.png 1024w, https:\/\/demo.pensiongrol.nl\/wp-content\/uploads\/2026\/04\/nbf-300x193.png 300w, https:\/\/demo.pensiongrol.nl\/wp-content\/uploads\/2026\/04\/nbf-768x494.png 768w, https:\/\/demo.pensiongrol.nl\/wp-content\/uploads\/2026\/04\/nbf.png 1105w\" sizes=\"auto, (max-width: 1024px) 100vw, 1024px\" \/><\/figure>\n<p><!-- \/wp:image --><br \/>\n<!-- wp:image {\"id\":156,\"sizeSlug\":\"large\",\"style\":{\"border\":{\"radius\":\"4px\"}}} --><\/p>\n<figure class=\"wp-block-image size-large has-custom-border\"><img loading=\"lazy\" decoding=\"async\" width=\"1024\" height=\"651\" src=\"https:\/\/demo.pensiongrol.nl\/wp-content\/uploads\/2026\/04\/jjhtg-1024x651.png\" alt=\"\" class=\"wp-image-156\" style=\"border-radius:4px\" srcset=\"https:\/\/demo.pensiongrol.nl\/wp-content\/uploads\/2026\/04\/jjhtg-1024x651.png 1024w, https:\/\/demo.pensiongrol.nl\/wp-content\/uploads\/2026\/04\/jjhtg-300x191.png 300w, https:\/\/demo.pensiongrol.nl\/wp-content\/uploads\/2026\/04\/jjhtg-768x488.png 768w, https:\/\/demo.pensiongrol.nl\/wp-content\/uploads\/2026\/04\/jjhtg.png 1075w\" sizes=\"auto, (max-width: 1024px) 100vw, 1024px\" \/><\/figure>\n<p><!-- \/wp:image --><br \/>\n<!-- wp:image {\"id\":157,\"sizeSlug\":\"large\",\"style\":{\"border\":{\"radius\":\"4px\"}}} --><\/p>\n<figure class=\"wp-block-image size-large has-custom-border\"><img loading=\"lazy\" decoding=\"async\" width=\"1024\" height=\"673\" src=\"https:\/\/demo.pensiongrol.nl\/wp-content\/uploads\/2026\/04\/qas-1024x673.png\" alt=\"\" class=\"wp-image-157\" style=\"border-radius:4px\" srcset=\"https:\/\/demo.pensiongrol.nl\/wp-content\/uploads\/2026\/04\/qas-1024x673.png 1024w, https:\/\/demo.pensiongrol.nl\/wp-content\/uploads\/2026\/04\/qas-300x197.png 300w, https:\/\/demo.pensiongrol.nl\/wp-content\/uploads\/2026\/04\/qas-768x505.png 768w, https:\/\/demo.pensiongrol.nl\/wp-content\/uploads\/2026\/04\/qas.png 1097w\" sizes=\"auto, (max-width: 1024px) 100vw, 1024px\" \/><\/figure>\n<p><!-- \/wp:image --><br \/>\n<\/figure>\n<p><!-- \/wp:gallery --><\/p>\n<p><!-- wp:paragraph [] --><\/p>\n<p><strong>Die Familie van der Aart<br \/><\/strong>Nach Jahren des Leerstands und weiteren Verfalls wurde &#8218;t Huys Grol am 15. August 1974 an den Biologen Peter van der Aart und seine Frau Margriet van den Berg verkauft.<\/p>\n<p><!-- \/wp:paragraph --><\/p>\n<p><!-- wp:paragraph [] --><\/p>\n<p>Margriet van der Aart begann 1975 damit, in den Sommermonaten zwei Zimmer an Badeg\u00e4ste zu vermieten. Damit war das erste B&amp;B in Renesse eine Tatsache.<\/p>\n<p><!-- \/wp:paragraph --><\/p>\n<p><!-- wp:paragraph [] --><\/p>\n<p><!-- \/wp:paragraph --><\/p>\n<p><!-- wp:paragraph [] --><\/p>\n<p><strong>Margot van der Aart und Michiel Smit<\/strong><br \/>Die Eltern wollten &#8218;t Huys Grol und den Pensionsbetrieb langfristig an eines ihrer Kinder \u00fcbergeben. Margot und Michiel, die in Utrecht lebten, wollten die Pension gerne fortf\u00fchren. Im Jahr 1999 k\u00fcndigten sie ihre Jobs (im Reiseb\u00fcro und in der Telekommunikation), um gemeinsam die Pension zu f\u00fchren.<\/p>\n<p><!-- \/wp:paragraph --><\/p>\n<p><!-- wp:paragraph [] --><\/p>\n<p>Im Jahr 2007 kauften sie &#8218;t Huys Grol. 2019 zogen Margot und Michiel aus der Pension (aus dem heutigen Bungalow im Hintergarten) in den Stoofweg 5 um, schr\u00e4g gegen\u00fcber der Pension.<\/p>\n<p><!-- \/wp:paragraph --><\/p>\n<p><!-- wp:gallery {\"linkTo\":\"none\",\"columns\":3,\"sizeSlug\":\"large\",\"align\":\"wide\"} --><\/p>\n<figure class=\"wp-block-gallery alignwide has-nested-images columns-3 is-cropped\">\n<!-- wp:image {\"id\":158,\"sizeSlug\":\"large\",\"style\":{\"border\":{\"radius\":\"4px\"}}} --><\/p>\n<figure class=\"wp-block-image size-large has-custom-border\"><img loading=\"lazy\" decoding=\"async\" width=\"1024\" height=\"675\" src=\"https:\/\/demo.pensiongrol.nl\/wp-content\/uploads\/2026\/04\/Deze-vervangen-ivm-vlek-18463-1024x675.jpg\" alt=\"\" class=\"wp-image-158\" style=\"border-radius:4px\" srcset=\"https:\/\/demo.pensiongrol.nl\/wp-content\/uploads\/2026\/04\/Deze-vervangen-ivm-vlek-18463-1024x675.jpg 1024w, https:\/\/demo.pensiongrol.nl\/wp-content\/uploads\/2026\/04\/Deze-vervangen-ivm-vlek-18463-300x198.jpg 300w, https:\/\/demo.pensiongrol.nl\/wp-content\/uploads\/2026\/04\/Deze-vervangen-ivm-vlek-18463-768x507.jpg 768w, https:\/\/demo.pensiongrol.nl\/wp-content\/uploads\/2026\/04\/Deze-vervangen-ivm-vlek-18463.jpg 1031w\" sizes=\"auto, (max-width: 1024px) 100vw, 1024px\" \/><\/figure>\n<p><!-- \/wp:image --><br \/>\n<!-- wp:image {\"id\":159,\"sizeSlug\":\"large\",\"style\":{\"border\":{\"radius\":\"4px\"}}} --><\/p>\n<figure class=\"wp-block-image size-large has-custom-border\"><img loading=\"lazy\" decoding=\"async\" width=\"1024\" height=\"649\" src=\"https:\/\/demo.pensiongrol.nl\/wp-content\/uploads\/2026\/04\/kij-1024x649.png\" alt=\"\" class=\"wp-image-159\" style=\"border-radius:4px\" srcset=\"https:\/\/demo.pensiongrol.nl\/wp-content\/uploads\/2026\/04\/kij-1024x649.png 1024w, https:\/\/demo.pensiongrol.nl\/wp-content\/uploads\/2026\/04\/kij-300x190.png 300w, https:\/\/demo.pensiongrol.nl\/wp-content\/uploads\/2026\/04\/kij-768x487.png 768w, https:\/\/demo.pensiongrol.nl\/wp-content\/uploads\/2026\/04\/kij.png 1109w\" sizes=\"auto, (max-width: 1024px) 100vw, 1024px\" \/><\/figure>\n<p><!-- \/wp:image --><br \/>\n<!-- wp:image {\"id\":160,\"sizeSlug\":\"large\",\"style\":{\"border\":{\"radius\":\"4px\"}}} --><\/p>\n<figure class=\"wp-block-image size-large has-custom-border\"><img loading=\"lazy\" decoding=\"async\" width=\"1024\" height=\"723\" src=\"https:\/\/demo.pensiongrol.nl\/wp-content\/uploads\/2026\/04\/29347-kopie-1024x723.jpg\" alt=\"\" class=\"wp-image-160\" style=\"border-radius:4px\" srcset=\"https:\/\/demo.pensiongrol.nl\/wp-content\/uploads\/2026\/04\/29347-kopie-1024x723.jpg 1024w, https:\/\/demo.pensiongrol.nl\/wp-content\/uploads\/2026\/04\/29347-kopie-300x212.jpg 300w, https:\/\/demo.pensiongrol.nl\/wp-content\/uploads\/2026\/04\/29347-kopie-768x542.jpg 768w, https:\/\/demo.pensiongrol.nl\/wp-content\/uploads\/2026\/04\/29347-kopie.jpg 1332w\" sizes=\"auto, (max-width: 1024px) 100vw, 1024px\" \/><\/figure>\n<p><!-- \/wp:image --><br \/>\n<\/figure>\n<p><!-- \/wp:gallery -->\n<\/div>\n<p><!-- \/wp:group --><\/p>\n","protected":false},"excerpt":{"rendered":"<p>Geschichte von &#8218;t HUYS GROL in Renesse Um 1690 wurde das Haus Strijland von dem Amsterdamer Kaufmann Marinus de Jonge gr\u00fcndlich zum Landsitz &#8218;t Huys Grol umgebaut. GROL, wie Marinus de Jonge seinen Landsitz um 1690 nannte, hat die Bedeutung von \u201eGr\u00fcn\u201c. \u201eGrol\u201c als altniederl\u00e4ndische Bezeichnung f\u00fcr \u201eGr\u00fcn\u201c findet sich auch in \u201eGrollo\u201c als altem [&hellip;]<\/p>\n","protected":false},"author":1,"featured_media":0,"parent":0,"menu_order":8,"comment_status":"closed","ping_status":"closed","template":"","meta":{"_acf_changed":false,"footnotes":""},"class_list":["post-343","page","type-page","status-publish","hentry"],"acf":[],"_links":{"self":[{"href":"https:\/\/demo.pensiongrol.nl\/de\/wp-json\/wp\/v2\/pages\/343","targetHints":{"allow":["GET"]}}],"collection":[{"href":"https:\/\/demo.pensiongrol.nl\/de\/wp-json\/wp\/v2\/pages"}],"about":[{"href":"https:\/\/demo.pensiongrol.nl\/de\/wp-json\/wp\/v2\/types\/page"}],"author":[{"embeddable":true,"href":"https:\/\/demo.pensiongrol.nl\/de\/wp-json\/wp\/v2\/users\/1"}],"replies":[{"embeddable":true,"href":"https:\/\/demo.pensiongrol.nl\/de\/wp-json\/wp\/v2\/comments?post=343"}],"version-history":[{"count":1,"href":"https:\/\/demo.pensiongrol.nl\/de\/wp-json\/wp\/v2\/pages\/343\/revisions"}],"predecessor-version":[{"id":344,"href":"https:\/\/demo.pensiongrol.nl\/de\/wp-json\/wp\/v2\/pages\/343\/revisions\/344"}],"wp:attachment":[{"href":"https:\/\/demo.pensiongrol.nl\/de\/wp-json\/wp\/v2\/media?parent=343"}],"curies":[{"name":"wp","href":"https:\/\/api.w.org\/{rel}","templated":true}]}}