{"id":332,"date":"2026-04-30T08:57:11","date_gmt":"2026-04-30T06:57:11","guid":{"rendered":"https:\/\/pensiongrol-new:8890\/home\/"},"modified":"2026-05-04T08:53:34","modified_gmt":"2026-05-04T06:53:34","slug":"willkommen","status":"publish","type":"page","link":"https:\/\/demo.pensiongrol.nl\/de\/","title":{"rendered":"Home"},"content":{"rendered":"\n<div class=\"wp-block-cover alignfull is-dark pg-hero-home\" style=\"min-height:85vh;aspect-ratio:unset;\"><span aria-hidden=\"true\" class=\"wp-block-cover__background has-background-dim-20 has-background-dim\"><\/span><img loading=\"lazy\" decoding=\"async\" width=\"1610\" height=\"822\" class=\"wp-block-cover__image-background wp-image-197\" alt=\"\" src=\"https:\/\/demo.pensiongrol.nl\/wp-content\/uploads\/2026\/04\/exterieur-pension-grol.jpg\" data-object-fit=\"cover\" srcset=\"https:\/\/demo.pensiongrol.nl\/wp-content\/uploads\/2026\/04\/exterieur-pension-grol.jpg 1610w, https:\/\/demo.pensiongrol.nl\/wp-content\/uploads\/2026\/04\/exterieur-pension-grol-300x153.jpg 300w, https:\/\/demo.pensiongrol.nl\/wp-content\/uploads\/2026\/04\/exterieur-pension-grol-1024x523.jpg 1024w, https:\/\/demo.pensiongrol.nl\/wp-content\/uploads\/2026\/04\/exterieur-pension-grol-768x392.jpg 768w, https:\/\/demo.pensiongrol.nl\/wp-content\/uploads\/2026\/04\/exterieur-pension-grol-1536x784.jpg 1536w\" sizes=\"auto, (max-width: 1610px) 100vw, 1610px\" \/><div class=\"wp-block-cover__inner-container is-layout-flow wp-block-cover-is-layout-flow\">\n\n<figure class=\"wp-block-image aligncenter size-medium pg-hero-logo\"><img loading=\"lazy\" decoding=\"async\" width=\"218\" height=\"164\" src=\"https:\/\/demo.pensiongrol.nl\/wp-content\/uploads\/2026\/04\/varshalogo-removebg-preview-1.png\" alt=\"Pension Grol\" class=\"wp-image-174\"\/><\/figure>\n\n<\/div>\n<div class=\"pg-booking-bar-wrapper\"><form class=\"pg-booking-bar\" method=\"get\" action=\"https:\/\/bookingengine.mylighthouse.com\/pension-t-huys-grol-renesse\" target=\"_blank\" rel=\"noopener\"><input type=\"hidden\" name=\"language\" value=\"de-DE\"><div class=\"pg-booking-bar__field\"><label for=\"pg-bb-arrival\">Anreise<\/label><input type=\"text\" id=\"pg-bb-arrival\" name=\"Arrival\" placeholder=\"tt \/ mm \/ jjjj\" autocomplete=\"off\" required readonly><\/div><div class=\"pg-booking-bar__field\"><label for=\"pg-bb-departure\">Abreise<\/label><input type=\"text\" id=\"pg-bb-departure\" name=\"Departure\" placeholder=\"tt \/ mm \/ jjjj\" autocomplete=\"off\" required readonly><\/div><div class=\"pg-booking-bar__submit-wrap\"><button type=\"submit\" class=\"pg-booking-bar__submit\">Verf\u00fcgbarkeit pr\u00fcfen<\/button><\/div><\/form><\/div>\n\n<\/div>\n\n<div class=\"wp-block-group alignfull has-white-background-color has-background has-global-padding is-layout-constrained wp-container-core-group-is-layout-59f91f3c wp-block-group-is-layout-constrained\" style=\"padding-top:var(--wp--preset--spacing--60);padding-right:var(--wp--preset--spacing--60);padding-bottom:var(--wp--preset--spacing--40);padding-left:var(--wp--preset--spacing--60)\">\n\n<h2 class=\"wp-block-heading has-text-align-center\" style=\"font-weight:500\">Hotel-Pension \u2019t Huys Grol<\/h2>\n\n\n\n<hr class=\"wp-block-separator has-text-color has-primary-color has-alpha-channel-opacity has-primary-background-color has-background pg-divider\"\/>\n\n<\/div>\n\n<div class=\"wp-block-group alignfull has-white-background-color has-background has-global-padding is-layout-constrained wp-container-core-group-is-layout-2f5dcc50 wp-block-group-is-layout-constrained\" style=\"padding-top:var(--wp--preset--spacing--40);padding-right:var(--wp--preset--spacing--60);padding-bottom:var(--wp--preset--spacing--60);padding-left:var(--wp--preset--spacing--60)\">\n\n<div class=\"wp-block-columns are-vertically-aligned-center is-layout-flex wp-container-core-columns-is-layout-adc57f8e wp-block-columns-is-layout-flex\">\n\n<div class=\"wp-block-column is-vertically-aligned-center is-layout-flow wp-block-column-is-layout-flow\" style=\"flex-basis:55%\">\n\n<h2 class=\"wp-block-heading\">WILLKOMMEN AUF UNSERER INTERNETSEITE<\/h2>\n\n\n\n<p class=\"wp-block-paragraph\">Willkommen auf der Internetseite unserer luxuri\u00f6sen und besonders stimmungsvollen Pension in Renesse.<\/p>\n\n\n\n<p class=\"wp-block-paragraph\">Das Huys Grol ist ein vollst\u00e4ndig restaurierter ehemaliger Landsitz am inneren D\u00fcnenrand der Insel Schouwen-Duiveland.<\/p>\n\n\n\n<p class=\"wp-block-paragraph\">Die Pension Grol ist sehr zentral gelegen, direkt am Rande des Zentrums von Renesse. Das Haus wurde urspr\u00fcnglich im Jahr 1599 erbaut und danach mehrfach neu errichtet, zuletzt im Jahr 1870. Das Geb\u00e4ude steht unter Denkmalschutz.  <\/p>\n\n\n\n<p class=\"wp-block-paragraph\">Die Pension Grol ist ein Familienbetrieb, der bereits seit 1975 besteht.<\/p>\n\n\n\n<div class=\"wp-block-buttons is-layout-flex wp-block-buttons-is-layout-flex\">\n\n<div class=\"wp-block-button\"><a class=\"wp-block-button__link has-white-color has-accent-background-color has-text-color has-background wp-element-button\" href=\"https:\/\/bookingengine.mylighthouse.com\/pension-t-huys-grol-renesse\">Reservieren Sie hier Ihr Zimmer<\/a><\/div>\n\n<\/div>\n\n<\/div>\n\n\n<div class=\"wp-block-column is-vertically-aligned-center is-layout-flow wp-block-column-is-layout-flow\" style=\"flex-basis:45%\">\n\n<figure class=\"wp-block-image size-large\"><img loading=\"lazy\" decoding=\"async\" width=\"1024\" height=\"682\" src=\"https:\/\/demo.pensiongrol.nl\/wp-content\/uploads\/2026\/04\/21490_HuisGrol-Renesse-18-1024x682.jpg\" alt=\"\" class=\"wp-image-175\" srcset=\"https:\/\/demo.pensiongrol.nl\/wp-content\/uploads\/2026\/04\/21490_HuisGrol-Renesse-18-1024x682.jpg 1024w, https:\/\/demo.pensiongrol.nl\/wp-content\/uploads\/2026\/04\/21490_HuisGrol-Renesse-18-300x200.jpg 300w, https:\/\/demo.pensiongrol.nl\/wp-content\/uploads\/2026\/04\/21490_HuisGrol-Renesse-18-768x512.jpg 768w, https:\/\/demo.pensiongrol.nl\/wp-content\/uploads\/2026\/04\/21490_HuisGrol-Renesse-18.jpg 1141w\" sizes=\"auto, (max-width: 1024px) 100vw, 1024px\" \/><\/figure>\n\n<\/div>\n\n<\/div>\n\n<\/div>\n\n<div class=\"wp-block-group alignfull has-global-padding is-layout-constrained wp-container-core-group-is-layout-2f5dcc50 wp-block-group-is-layout-constrained\" style=\"padding-top:var(--wp--preset--spacing--40);padding-right:var(--wp--preset--spacing--60);padding-bottom:var(--wp--preset--spacing--60);padding-left:var(--wp--preset--spacing--60)\">\n\n<div class=\"wp-block-columns are-vertically-aligned-stretch is-layout-flex wp-container-core-columns-is-layout-adc57f8e wp-block-columns-is-layout-flex\">\n\n<div class=\"wp-block-column has-white-color has-primary-background-color has-text-color has-background pg-card-green is-layout-flow wp-block-column-is-layout-flow\" style=\"padding:var(--wp--preset--spacing--40);flex-basis:33.33%\">\n\n<h3 class=\"wp-block-heading has-white-color has-text-color has-large-font-size\" style=\"letter-spacing:0.05em\">GUTSCHEIN<\/h3>\n\n\n\n<p class=\"has-white-color has-text-color has-small-font-size wp-block-paragraph\">Haben Sie Interesse an einem Gutschein?<\/p>\n\n\n<figure class=\"wp-block-image size-medium\"><img loading=\"lazy\" decoding=\"async\" width=\"191\" height=\"214\" src=\"https:\/\/demo.pensiongrol.nl\/wp-content\/uploads\/2026\/04\/gift.png\" alt=\"Geschenkgutschein\" class=\"wp-image-183\"\/><\/figure>\n\n\n<div class=\"wp-block-buttons is-layout-flex wp-block-buttons-is-layout-flex\">\n\n<div class=\"wp-block-button has-custom-font-size has-small-font-size\"><a class=\"wp-block-button__link has-white-color has-accent-background-color has-text-color has-background wp-element-button\" href=\"https:\/\/demo.pensiongrol.nl\/de\/cadeaubon\/\">KLICKEN SIE HIER<\/a><\/div>\n\n<\/div>\n\n<\/div>\n\n\n<div class=\"wp-block-column has-white-color has-primary-background-color has-text-color has-background pg-card-green pg-features-centered is-layout-flow wp-block-column-is-layout-flow\" style=\"padding:var(--wp--preset--spacing--40);flex-basis:33.33%\">\n\n<ul class=\"wp-block-list pg-feature-list has-white-color has-text-color\">\n<li>Kostenlose Parkpl\u00e4tze<\/li>\n<li>Kostenloses WLAN<\/li>\n<li>Kostenloser Kaffee und Tee auf dem Zimmer<\/li>\n<li>K\u00fchlschrank auf dem Zimmer<\/li>\n<\/ul>\n\n<\/div>\n\n\n<div class=\"wp-block-column has-white-color has-primary-background-color has-text-color has-background pg-card-green is-layout-flow wp-block-column-is-layout-flow\" style=\"padding:var(--wp--preset--spacing--40);flex-basis:33.33%\">\n\n<h3 class=\"wp-block-heading has-white-color has-text-color has-large-font-size\" style=\"letter-spacing:0.05em\">G\u00c4STEBUCH<\/h3>\n\n\n\n<p class=\"has-white-color has-text-color has-small-font-size wp-block-paragraph\">Wir freuen uns \u00fcber Ihre Erfahrungen! Tragen Sie sich in unser G\u00e4stebuch ein. <\/p>\n\n\n<figure class=\"wp-block-image size-medium\"><img loading=\"lazy\" decoding=\"async\" width=\"183\" height=\"214\" src=\"https:\/\/demo.pensiongrol.nl\/wp-content\/uploads\/2026\/04\/Untitled-00.png\" alt=\"G&#xE4;stebuch\" class=\"wp-image-184\"\/><\/figure>\n\n\n<div class=\"wp-block-buttons is-layout-flex wp-block-buttons-is-layout-flex\">\n\n<div class=\"wp-block-button has-custom-font-size has-small-font-size\"><a class=\"wp-block-button__link has-white-color has-accent-background-color has-text-color has-background wp-element-button\" href=\"https:\/\/demo.pensiongrol.nl\/de\/gaestebuch\/\">KLICKEN SIE HIER<\/a><\/div>\n\n<\/div>\n\n<\/div>\n\n<\/div>\n\n<\/div>\n\n<div class=\"wp-block-group alignfull has-off-white-background-color has-background has-global-padding is-layout-constrained wp-container-core-group-is-layout-1758bc07 wp-block-group-is-layout-constrained\" style=\"padding-top:var(--wp--preset--spacing--60);padding-right:var(--wp--preset--spacing--60);padding-bottom:var(--wp--preset--spacing--60);padding-left:var(--wp--preset--spacing--60)\">\n\n<h2 class=\"wp-block-heading has-text-align-center\">Die Pension Grol ist aus den folgenden Gr\u00fcnden mehr als einen Besuch wert:<\/h2>\n\n\n\n<ul class=\"wp-block-list\"><li>Sehr zentral gelegen, ca. 100 Meter vom gem\u00fctlichen Kirchplatz entfernt<\/li><li>Wundersch\u00f6ne, ger\u00e4umige Zimmer in einem einzigartigen (denkmalgesch\u00fctzten) Geb\u00e4ude<\/li><li>Unser Garten: eine gr\u00fcne Oase der Ruhe, nur einen Steinwurf vom Zentrum entfernt<\/li><li>Fr\u00fchst\u00fcck auf Ihrem Zimmer oder auf Wunsch im Garten<\/li><li>Kostenlose, ger\u00e4umige Parkpl\u00e4tze; ausreichend Platz f\u00fcr alle unsere G\u00e4ste<\/li><li>Famili\u00e4r und pers\u00f6nlich; individueller Service<\/li><li>Gutes Preis-Leistungs-Verh\u00e4ltnis; und alles ist inklusive\u2026 Fr\u00fchst\u00fcck + Kurtaxe<\/li><li>Hervorragender Ausgangspunkt f\u00fcr Radtouren und Wanderungen<\/li><li>Der weitl\u00e4ufige Nordseestrand in ca. 800 Metern Entfernung<\/li><li>Der Westhoek der Insel Schouwen-Duiveland hat die meisten Sonnenstunden der Niederlande<\/li><li>Kurzum: der ideale Ort f\u00fcr einen herrlichen Urlaub<\/li><\/ul>\n\n<\/div>\n\n<div class=\"wp-block-group alignfull pg-section-dark has-background is-layout-flow wp-block-group-is-layout-flow\" style=\"background-color:#364028;padding-top:var(--wp--preset--spacing--70);padding-right:var(--wp--preset--spacing--70);padding-bottom:var(--wp--preset--spacing--70);padding-left:var(--wp--preset--spacing--70)\">\n\n<div class=\"wp-block-columns are-vertically-aligned-center is-layout-flex wp-container-core-columns-is-layout-15162fc0 wp-block-columns-is-layout-flex\">\n\n<div class=\"wp-block-column is-vertically-aligned-center is-layout-flow wp-block-column-is-layout-flow\" style=\"flex-basis:50%\">\n<figure class=\"wp-block-image size-large\"><img loading=\"lazy\" decoding=\"async\" width=\"1024\" height=\"683\" src=\"https:\/\/demo.pensiongrol.nl\/wp-content\/uploads\/2026\/04\/pension_grol_renesse_ontbijt-3-scaled-1-1024x683.jpg\" alt=\"Fr&#xFC;hst&#xFC;ck\" class=\"wp-image-201\" srcset=\"https:\/\/demo.pensiongrol.nl\/wp-content\/uploads\/2026\/04\/pension_grol_renesse_ontbijt-3-scaled-1-1024x683.jpg 1024w, https:\/\/demo.pensiongrol.nl\/wp-content\/uploads\/2026\/04\/pension_grol_renesse_ontbijt-3-scaled-1-300x200.jpg 300w, https:\/\/demo.pensiongrol.nl\/wp-content\/uploads\/2026\/04\/pension_grol_renesse_ontbijt-3-scaled-1-768x512.jpg 768w, https:\/\/demo.pensiongrol.nl\/wp-content\/uploads\/2026\/04\/pension_grol_renesse_ontbijt-3-scaled-1-1536x1024.jpg 1536w, https:\/\/demo.pensiongrol.nl\/wp-content\/uploads\/2026\/04\/pension_grol_renesse_ontbijt-3-scaled-1-2048x1366.jpg 2048w\" sizes=\"auto, (max-width: 1024px) 100vw, 1024px\" \/><\/figure>\n<\/div>\n\n\n<div class=\"wp-block-column is-vertically-aligned-center is-layout-flow wp-block-column-is-layout-flow\" style=\"flex-basis:50%\">\n\n<h2 class=\"wp-block-heading has-white-color has-text-color\">Starten Sie mit einem k\u00f6stlichen Fr\u00fchst\u00fcck in den Tag<\/h2>\n\n\n\n<hr class=\"wp-block-separator has-text-color has-accent-color has-alpha-channel-opacity has-accent-background-color has-background pg-divider\"\/>\n\n\n\n<p class=\"has-white-color has-text-color wp-block-paragraph\">Das reichhaltige Fr\u00fchst\u00fcck \u2014 mit einem Glas frisch gepresstem Orangensaft \u2014 wird normalerweise auf Ihrem Zimmer serviert. Wenn das Wetter es zul\u00e4sst, k\u00f6nnen Sie auch in unserem sch\u00f6nen Garten fr\u00fchst\u00fccken. <\/p>\n\n\n\n<p class=\"has-white-color has-text-color wp-block-paragraph\">Zu einer von Ihnen angegebenen Zeit (zwischen 08:30 Uhr und 09:30 Uhr) bereiten wir Ihr Fr\u00fchst\u00fcck vor und klopfen an Ihre Zimmert\u00fcr, oder wir bringen es nach drau\u00dfen, falls Sie Ihr Fr\u00fchst\u00fcck in unserem wundersch\u00f6nen Garten genie\u00dfen m\u00f6chten.<\/p>\n\n\n\n<div class=\"wp-block-buttons is-layout-flex wp-block-buttons-is-layout-flex\">\n\n<div class=\"wp-block-button\"><a class=\"wp-block-button__link has-white-color has-accent-background-color has-text-color has-background wp-element-button\" href=\"https:\/\/bookingengine.mylighthouse.com\/pension-t-huys-grol-renesse\">Reservieren Sie hier Ihr Zimmer<\/a><\/div>\n\n<\/div>\n\n<\/div>\n\n<\/div>\n\n<\/div>\n\n<div class=\"wp-block-group alignfull has-global-padding is-layout-constrained wp-container-core-group-is-layout-be887331 wp-block-group-is-layout-constrained\" style=\"padding-top:var(--wp--preset--spacing--70);padding-right:var(--wp--preset--spacing--70);padding-bottom:var(--wp--preset--spacing--70);padding-left:var(--wp--preset--spacing--70)\">\n\n<h2 class=\"wp-block-heading has-text-align-center\">Luxuri\u00f6se und komfortable G\u00e4stezimmer<\/h2>\n\n\n\n<hr class=\"wp-block-separator has-text-color has-accent-color has-alpha-channel-opacity has-accent-background-color has-background pg-divider\"\/>\n\n\n\n<p class=\"has-text-align-center wp-block-paragraph\">Unsere wundersch\u00f6ne Pension verf\u00fcgt \u00fcber zehn luxuri\u00f6se und komfortable G\u00e4stezimmer, in denen Sie sich schnell wie zu Hause f\u00fchlen werden. Kein Zimmer gleicht dem anderen. Alle Zimmer sind ger\u00e4umig und geschmackvoll eingerichtet und mit allen Annehmlichkeiten ausgestattet.<\/p>\n\n\n<div class=\"pg-carousel pg-carousel--coverflow swiper\" data-effect=\"coverflow\" data-per-view=\"3\" style=\"--pg-carousel-height:380px\"><div class=\"swiper-wrapper\"><div class=\"swiper-slide pg-carousel__slide\"><img decoding=\"async\" src=\"https:\/\/demo.pensiongrol.nl\/wp-content\/uploads\/2026\/04\/IMG_5628-opti-1024x683.jpg\" alt=\"\" loading=\"lazy\"><\/div><div class=\"swiper-slide pg-carousel__slide\"><img decoding=\"async\" src=\"https:\/\/demo.pensiongrol.nl\/wp-content\/uploads\/2026\/04\/Pension_Grol_20220331_19-lowres-1024x684.jpg\" alt=\"\" loading=\"lazy\"><\/div><div class=\"swiper-slide pg-carousel__slide\"><img decoding=\"async\" src=\"https:\/\/demo.pensiongrol.nl\/wp-content\/uploads\/2026\/04\/Pension_Grol_20220331_05-lowres-1024x684.jpg\" alt=\"\" loading=\"lazy\"><\/div><div class=\"swiper-slide pg-carousel__slide\"><img decoding=\"async\" src=\"https:\/\/demo.pensiongrol.nl\/wp-content\/uploads\/2026\/04\/Pension_Grol_20220331_10-lowres-1024x684.jpg\" alt=\"\" loading=\"lazy\"><\/div><div class=\"swiper-slide pg-carousel__slide\"><img decoding=\"async\" src=\"https:\/\/demo.pensiongrol.nl\/wp-content\/uploads\/2026\/04\/Pension_Grol_20220331_13-lowres-1024x684.jpg\" alt=\"\" loading=\"lazy\"><\/div><div class=\"swiper-slide pg-carousel__slide\"><img decoding=\"async\" src=\"https:\/\/demo.pensiongrol.nl\/wp-content\/uploads\/2026\/04\/Pension_Grol_20220331_18-lowres-1024x684.jpg\" alt=\"\" loading=\"lazy\"><\/div><div class=\"swiper-slide pg-carousel__slide\"><img decoding=\"async\" src=\"https:\/\/demo.pensiongrol.nl\/wp-content\/uploads\/2026\/04\/Hoofdfoto-Kopfoto-kamerspension_grol_renesse_prestigekamer-1-1024x682.jpg\" alt=\"\" loading=\"lazy\"><\/div><div class=\"swiper-slide pg-carousel__slide\"><img decoding=\"async\" src=\"https:\/\/demo.pensiongrol.nl\/wp-content\/uploads\/2026\/04\/Pension_Grol_20220331_25-lowres-1024x684.jpg\" alt=\"\" loading=\"lazy\"><\/div><div class=\"swiper-slide pg-carousel__slide\"><img decoding=\"async\" src=\"https:\/\/demo.pensiongrol.nl\/wp-content\/uploads\/2026\/04\/Pension_Grol_20220331_29-lowres-1024x684.jpg\" alt=\"\" loading=\"lazy\"><\/div><div class=\"swiper-slide pg-carousel__slide\"><img decoding=\"async\" src=\"https:\/\/demo.pensiongrol.nl\/wp-content\/uploads\/2026\/04\/Pension_Grol_20220331_21-lowres-1024x684.jpg\" alt=\"\" loading=\"lazy\"><\/div><\/div><button class=\"swiper-button-prev pg-carousel__prev\" type=\"button\" aria-label=\"Vorige\"><\/button><button class=\"swiper-button-next pg-carousel__next\" type=\"button\" aria-label=\"Volgende\"><\/button><\/div>\n\n\n\n<div class=\"wp-block-buttons is-content-justification-center is-layout-flex wp-container-core-buttons-is-layout-63965413 wp-block-buttons-is-layout-flex\" style=\"margin-top:var(--wp--preset--spacing--40)\">\n\n<div class=\"wp-block-button\"><a class=\"wp-block-button__link has-white-color has-primary-background-color has-text-color has-background wp-element-button\" href=\"\/kamers\/\">Alle Zimmer ansehen<\/a><\/div>\n\n<\/div>\n\n<\/div>\n\n<div class=\"wp-block-cover alignfull is-dark\" style=\"min-height:60vh;padding-top:var(--wp--preset--spacing--70);padding-right:var(--wp--preset--spacing--70);padding-bottom:var(--wp--preset--spacing--70);padding-left:var(--wp--preset--spacing--70);aspect-ratio:unset;\"><span aria-hidden=\"true\" class=\"wp-block-cover__background has-background-dim-30 has-background-dim\"><\/span><img loading=\"lazy\" decoding=\"async\" width=\"1920\" height=\"695\" class=\"wp-block-cover__image-background wp-image-198\" alt=\"\" src=\"https:\/\/demo.pensiongrol.nl\/wp-content\/uploads\/2026\/04\/pension-grol-renesse-strand-bij-avond-v2.jpg\" data-object-fit=\"cover\" srcset=\"https:\/\/demo.pensiongrol.nl\/wp-content\/uploads\/2026\/04\/pension-grol-renesse-strand-bij-avond-v2.jpg 1920w, https:\/\/demo.pensiongrol.nl\/wp-content\/uploads\/2026\/04\/pension-grol-renesse-strand-bij-avond-v2-300x109.jpg 300w, https:\/\/demo.pensiongrol.nl\/wp-content\/uploads\/2026\/04\/pension-grol-renesse-strand-bij-avond-v2-1024x371.jpg 1024w, https:\/\/demo.pensiongrol.nl\/wp-content\/uploads\/2026\/04\/pension-grol-renesse-strand-bij-avond-v2-768x278.jpg 768w, https:\/\/demo.pensiongrol.nl\/wp-content\/uploads\/2026\/04\/pension-grol-renesse-strand-bij-avond-v2-1536x556.jpg 1536w\" sizes=\"auto, (max-width: 1920px) 100vw, 1920px\" \/><div class=\"wp-block-cover__inner-container is-layout-flow wp-block-cover-is-layout-flow\">\n\n<div class=\"wp-block-columns is-layout-flex wp-container-core-columns-is-layout-adc57f8e wp-block-columns-is-layout-flex\">\n\n<div class=\"wp-block-column is-layout-flow wp-block-column-is-layout-flow\" style=\"flex-basis:40%\">\n\n<h2 class=\"wp-block-heading has-white-color has-text-color\">Weitl\u00e4ufige Str\u00e4nde<\/h2>\n\n\n\n<hr class=\"wp-block-separator has-text-color has-accent-color has-alpha-channel-opacity has-accent-background-color has-background pg-divider\"\/>\n\n\n\n<p class=\"has-white-color has-text-color wp-block-paragraph\">Die Pension Grol liegt nur 100 Meter vom gem\u00fctlichen Zentrum von Renesse mit seinen zahlreichen Gesch\u00e4ften und Restaurants entfernt. In 15 Minuten spazieren Sie zum weitl\u00e4ufigen Nordseestrand. Hier k\u00f6nnen Sie herrlich in der Nordsee schwimmen oder einen langen Strandspaziergang machen.<\/p>\n\n\n\n<div class=\"wp-block-buttons is-layout-flex wp-block-buttons-is-layout-flex\">\n\n<div class=\"wp-block-button\"><a class=\"wp-block-button__link has-white-color has-accent-background-color has-text-color has-background wp-element-button\" href=\"https:\/\/demo.pensiongrol.nl\/de\/umgebung\/\">Mehr lesen<\/a><\/div>\n\n<\/div>\n\n<\/div>\n\n<div class=\"wp-block-column is-layout-flow wp-block-column-is-layout-flow\" style=\"flex-basis:60%\"><\/div>\n<\/div>\n\n<\/div><\/div>\n\n<div class=\"wp-block-group alignfull has-global-padding is-layout-constrained wp-container-core-group-is-layout-be887331 wp-block-group-is-layout-constrained\" style=\"padding-top:var(--wp--preset--spacing--70);padding-right:var(--wp--preset--spacing--70);padding-bottom:var(--wp--preset--spacing--70);padding-left:var(--wp--preset--spacing--70)\">\n\n<h2 class=\"wp-block-heading has-text-align-center\">Warum Pension Grol<\/h2>\n\n\n\n<hr class=\"wp-block-separator has-text-color has-accent-color has-alpha-channel-opacity has-accent-background-color has-background pg-divider\"\/>\n\n\n\n<div class=\"wp-block-columns is-layout-flex wp-container-core-columns-is-layout-adc57f8e wp-block-columns-is-layout-flex\">\n\n<div class=\"wp-block-column pg-card is-layout-flow wp-block-column-is-layout-flow\">\n<figure class=\"wp-block-image size-large\"><img loading=\"lazy\" decoding=\"async\" width=\"1024\" height=\"560\" src=\"https:\/\/demo.pensiongrol.nl\/wp-content\/uploads\/2026\/04\/IMG_3191-1024x560.jpg\" alt=\"&#xDC;BER UNS\" class=\"wp-image-162\" srcset=\"https:\/\/demo.pensiongrol.nl\/wp-content\/uploads\/2026\/04\/IMG_3191-1024x560.jpg 1024w, https:\/\/demo.pensiongrol.nl\/wp-content\/uploads\/2026\/04\/IMG_3191-300x164.jpg 300w, https:\/\/demo.pensiongrol.nl\/wp-content\/uploads\/2026\/04\/IMG_3191-768x420.jpg 768w, https:\/\/demo.pensiongrol.nl\/wp-content\/uploads\/2026\/04\/IMG_3191-1536x840.jpg 1536w, https:\/\/demo.pensiongrol.nl\/wp-content\/uploads\/2026\/04\/IMG_3191.jpg 1920w\" sizes=\"auto, (max-width: 1024px) 100vw, 1024px\" \/><\/figure>\n\n\n<h3 class=\"wp-block-heading has-text-align-center has-large-font-size\" style=\"letter-spacing:0.05em\">\u00dcBER UNS<\/h3>\n\n\n\n<p class=\"has-text-align-center has-small-font-size wp-block-paragraph\">Wir sind Margot van der Aart &amp; Michiel Smit, beide Jahrgang 1972.<\/p>\n\n\n\n<div class=\"wp-block-buttons is-content-justification-center is-layout-flex wp-container-core-buttons-is-layout-ee856660 wp-block-buttons-is-layout-flex\">\n\n<div class=\"wp-block-button has-custom-font-size has-small-font-size\"><a class=\"wp-block-button__link has-white-color has-primary-background-color has-text-color has-background wp-element-button\" href=\"https:\/\/demo.pensiongrol.nl\/de\/ueber-uns\/\">Mehr lesen<\/a><\/div>\n\n<\/div>\n\n<\/div>\n\n\n<div class=\"wp-block-column pg-card is-layout-flow wp-block-column-is-layout-flow\">\n<figure class=\"wp-block-image size-large\"><img loading=\"lazy\" decoding=\"async\" width=\"1024\" height=\"682\" src=\"https:\/\/demo.pensiongrol.nl\/wp-content\/uploads\/2026\/04\/Hoofdfoto-Kopfoto-kamerspension_grol_renesse_prestigekamer-1-1024x682.jpg\" alt=\"KOMFORTABLE G&#xC4;STEZIMMER\" class=\"wp-image-70\" srcset=\"https:\/\/demo.pensiongrol.nl\/wp-content\/uploads\/2026\/04\/Hoofdfoto-Kopfoto-kamerspension_grol_renesse_prestigekamer-1-1024x682.jpg 1024w, https:\/\/demo.pensiongrol.nl\/wp-content\/uploads\/2026\/04\/Hoofdfoto-Kopfoto-kamerspension_grol_renesse_prestigekamer-1-300x200.jpg 300w, https:\/\/demo.pensiongrol.nl\/wp-content\/uploads\/2026\/04\/Hoofdfoto-Kopfoto-kamerspension_grol_renesse_prestigekamer-1-768x512.jpg 768w, https:\/\/demo.pensiongrol.nl\/wp-content\/uploads\/2026\/04\/Hoofdfoto-Kopfoto-kamerspension_grol_renesse_prestigekamer-1-1536x1024.jpg 1536w, https:\/\/demo.pensiongrol.nl\/wp-content\/uploads\/2026\/04\/Hoofdfoto-Kopfoto-kamerspension_grol_renesse_prestigekamer-1.jpg 1970w\" sizes=\"auto, (max-width: 1024px) 100vw, 1024px\" \/><\/figure>\n\n\n<h3 class=\"wp-block-heading has-text-align-center has-large-font-size\" style=\"letter-spacing:0.05em\">KOMFORTABLE G\u00c4STEZIMMER<\/h3>\n\n\n\n<p class=\"has-text-align-center has-small-font-size wp-block-paragraph\">Wenn Sie direkt bei uns reservieren, erhalten Sie immer den g\u00fcnstigsten Preis.<\/p>\n\n\n\n<div class=\"wp-block-buttons is-content-justification-center is-layout-flex wp-container-core-buttons-is-layout-ee856660 wp-block-buttons-is-layout-flex\">\n\n<div class=\"wp-block-button has-custom-font-size has-small-font-size\"><a class=\"wp-block-button__link has-white-color has-primary-background-color has-text-color has-background wp-element-button\" href=\"\/kamers\/\">Mehr lesen<\/a><\/div>\n\n<\/div>\n\n<\/div>\n\n\n<div class=\"wp-block-column pg-card is-layout-flow wp-block-column-is-layout-flow\">\n<figure class=\"wp-block-image size-large\"><img loading=\"lazy\" decoding=\"async\" width=\"1024\" height=\"682\" src=\"https:\/\/demo.pensiongrol.nl\/wp-content\/uploads\/2026\/04\/Huis-Grol-Renesse-9-1024x682.jpg\" alt=\"EIN WUNDERSCH&#xD6;NER GARTEN\" class=\"wp-image-143\" srcset=\"https:\/\/demo.pensiongrol.nl\/wp-content\/uploads\/2026\/04\/Huis-Grol-Renesse-9-1024x682.jpg 1024w, https:\/\/demo.pensiongrol.nl\/wp-content\/uploads\/2026\/04\/Huis-Grol-Renesse-9-300x200.jpg 300w, https:\/\/demo.pensiongrol.nl\/wp-content\/uploads\/2026\/04\/Huis-Grol-Renesse-9-768x512.jpg 768w, https:\/\/demo.pensiongrol.nl\/wp-content\/uploads\/2026\/04\/Huis-Grol-Renesse-9-1536x1024.jpg 1536w, https:\/\/demo.pensiongrol.nl\/wp-content\/uploads\/2026\/04\/Huis-Grol-Renesse-9.jpg 1970w\" sizes=\"auto, (max-width: 1024px) 100vw, 1024px\" \/><\/figure>\n\n\n<h3 class=\"wp-block-heading has-text-align-center has-large-font-size\" style=\"letter-spacing:0.05em\">EIN WUNDERSCH\u00d6NER GARTEN<\/h3>\n\n\n\n<p class=\"has-text-align-center has-small-font-size wp-block-paragraph\">Die Pension Grol verf\u00fcgt \u00fcber einen prachtvollen Garten (3000 m\u00b2) im englischen Landschaftsstil.<\/p>\n\n\n\n<div class=\"wp-block-buttons is-content-justification-center is-layout-flex wp-container-core-buttons-is-layout-ee856660 wp-block-buttons-is-layout-flex\">\n\n<div class=\"wp-block-button has-custom-font-size has-small-font-size\"><a class=\"wp-block-button__link has-white-color has-primary-background-color has-text-color has-background wp-element-button\" href=\"https:\/\/demo.pensiongrol.nl\/de\/garten\/\">Mehr lesen<\/a><\/div>\n\n<\/div>\n\n<\/div>\n\n<\/div>\n\n\n\n<div class=\"wp-block-columns is-layout-flex wp-container-core-columns-is-layout-adc57f8e wp-block-columns-is-layout-flex\">\n\n<div class=\"wp-block-column pg-card is-layout-flow wp-block-column-is-layout-flow\">\n<figure class=\"wp-block-image size-large\"><img loading=\"lazy\" decoding=\"async\" width=\"1024\" height=\"519\" src=\"https:\/\/demo.pensiongrol.nl\/wp-content\/uploads\/2026\/04\/renesse-duinovergang-zonsondergang-scaled-1-1024x519.jpg\" alt=\"EINE SCH&#xD6;NE UMGEBUNG\" class=\"wp-image-164\" srcset=\"https:\/\/demo.pensiongrol.nl\/wp-content\/uploads\/2026\/04\/renesse-duinovergang-zonsondergang-scaled-1-1024x519.jpg 1024w, https:\/\/demo.pensiongrol.nl\/wp-content\/uploads\/2026\/04\/renesse-duinovergang-zonsondergang-scaled-1-300x152.jpg 300w, https:\/\/demo.pensiongrol.nl\/wp-content\/uploads\/2026\/04\/renesse-duinovergang-zonsondergang-scaled-1-768x389.jpg 768w, https:\/\/demo.pensiongrol.nl\/wp-content\/uploads\/2026\/04\/renesse-duinovergang-zonsondergang-scaled-1-1536x779.jpg 1536w, https:\/\/demo.pensiongrol.nl\/wp-content\/uploads\/2026\/04\/renesse-duinovergang-zonsondergang-scaled-1-2048x1038.jpg 2048w\" sizes=\"auto, (max-width: 1024px) 100vw, 1024px\" \/><\/figure>\n\n\n<h3 class=\"wp-block-heading has-text-align-center has-large-font-size\" style=\"letter-spacing:0.05em\">EINE SCH\u00d6NE UMGEBUNG<\/h3>\n\n\n\n<p class=\"has-text-align-center has-small-font-size wp-block-paragraph\">Die Pension Grol liegt nur 100 Meter vom gem\u00fctlichen Zentrum von Renesse entfernt.<\/p>\n\n\n\n<div class=\"wp-block-buttons is-content-justification-center is-layout-flex wp-container-core-buttons-is-layout-ee856660 wp-block-buttons-is-layout-flex\">\n\n<div class=\"wp-block-button has-custom-font-size has-small-font-size\"><a class=\"wp-block-button__link has-white-color has-primary-background-color has-text-color has-background wp-element-button\" href=\"https:\/\/demo.pensiongrol.nl\/de\/umgebung\/\">Mehr lesen<\/a><\/div>\n\n<\/div>\n\n<\/div>\n\n\n<div class=\"wp-block-column pg-card is-layout-flow wp-block-column-is-layout-flow\">\n<figure class=\"wp-block-image size-large\"><img loading=\"lazy\" decoding=\"async\" width=\"1024\" height=\"683\" src=\"https:\/\/demo.pensiongrol.nl\/wp-content\/uploads\/2026\/05\/pension-grol-fietsers-stormvloedkering-opt-1024x683.jpg\" alt=\"RADFAHREN UND WANDERN\" class=\"wp-image-246\" srcset=\"https:\/\/demo.pensiongrol.nl\/wp-content\/uploads\/2026\/05\/pension-grol-fietsers-stormvloedkering-opt-1024x683.jpg 1024w, https:\/\/demo.pensiongrol.nl\/wp-content\/uploads\/2026\/05\/pension-grol-fietsers-stormvloedkering-opt-300x200.jpg 300w, https:\/\/demo.pensiongrol.nl\/wp-content\/uploads\/2026\/05\/pension-grol-fietsers-stormvloedkering-opt-768x512.jpg 768w, https:\/\/demo.pensiongrol.nl\/wp-content\/uploads\/2026\/05\/pension-grol-fietsers-stormvloedkering-opt-1536x1024.jpg 1536w, https:\/\/demo.pensiongrol.nl\/wp-content\/uploads\/2026\/05\/pension-grol-fietsers-stormvloedkering-opt.jpg 1920w\" sizes=\"auto, (max-width: 1024px) 100vw, 1024px\" \/><\/figure>\n\n\n<h3 class=\"wp-block-heading has-text-align-center has-large-font-size\" style=\"letter-spacing:0.05em\">RADFAHREN UND WANDERN<\/h3>\n\n\n\n<p class=\"has-text-align-center has-small-font-size wp-block-paragraph\">Auf Schouwen-Duiveland k\u00f6nnen Sie wundersch\u00f6ne Radtouren durch die D\u00fcnen unternehmen.<\/p>\n\n\n\n<div class=\"wp-block-buttons is-content-justification-center is-layout-flex wp-container-core-buttons-is-layout-ee856660 wp-block-buttons-is-layout-flex\">\n\n<div class=\"wp-block-button has-custom-font-size has-small-font-size\"><a class=\"wp-block-button__link has-white-color has-primary-background-color has-text-color has-background wp-element-button\" href=\"https:\/\/demo.pensiongrol.nl\/de\/umgebung\/\">Mehr lesen<\/a><\/div>\n\n<\/div>\n\n<\/div>\n\n\n<div class=\"wp-block-column pg-card is-layout-flow wp-block-column-is-layout-flow\">\n<figure class=\"wp-block-image size-large\"><img loading=\"lazy\" decoding=\"async\" width=\"1024\" height=\"683\" src=\"https:\/\/demo.pensiongrol.nl\/wp-content\/uploads\/2026\/05\/pension-grol-stadhuis-middelburg-opt-1024x683.jpg\" alt=\"EINEN BESUCH WERT\" class=\"wp-image-243\" srcset=\"https:\/\/demo.pensiongrol.nl\/wp-content\/uploads\/2026\/05\/pension-grol-stadhuis-middelburg-opt-1024x683.jpg 1024w, https:\/\/demo.pensiongrol.nl\/wp-content\/uploads\/2026\/05\/pension-grol-stadhuis-middelburg-opt-300x200.jpg 300w, https:\/\/demo.pensiongrol.nl\/wp-content\/uploads\/2026\/05\/pension-grol-stadhuis-middelburg-opt-768x512.jpg 768w, https:\/\/demo.pensiongrol.nl\/wp-content\/uploads\/2026\/05\/pension-grol-stadhuis-middelburg-opt-1536x1024.jpg 1536w, https:\/\/demo.pensiongrol.nl\/wp-content\/uploads\/2026\/05\/pension-grol-stadhuis-middelburg-opt.jpg 1920w\" sizes=\"auto, (max-width: 1024px) 100vw, 1024px\" \/><\/figure>\n\n\n<h3 class=\"wp-block-heading has-text-align-center has-large-font-size\" style=\"letter-spacing:0.05em\">EINEN BESUCH WERT<\/h3>\n\n\n\n<p class=\"has-text-align-center has-small-font-size wp-block-paragraph\">Die wundersch\u00f6nen alten St\u00e4dte Zierikzee, Veere und Middelburg sind einen Besuch wert.<\/p>\n\n\n\n<div class=\"wp-block-buttons is-content-justification-center is-layout-flex wp-container-core-buttons-is-layout-ee856660 wp-block-buttons-is-layout-flex\">\n\n<div class=\"wp-block-button has-custom-font-size has-small-font-size\"><a class=\"wp-block-button__link has-white-color has-primary-background-color has-text-color has-background wp-element-button\" href=\"https:\/\/demo.pensiongrol.nl\/de\/umgebung\/\">Mehr lesen<\/a><\/div>\n\n<\/div>\n\n<\/div>\n\n<\/div>\n\n\n<\/div>\n","protected":false},"excerpt":{"rendered":"<p>Hotel-Pension \u2019t Huys Grol WILLKOMMEN AUF UNSERER INTERNETSEITE Willkommen auf der Internetseite unserer luxuri\u00f6sen und besonders stimmungsvollen Pension in Renesse. Das Huys Grol ist ein vollst\u00e4ndig restaurierter ehemaliger Landsitz am inneren D\u00fcnenrand der Insel Schouwen-Duiveland. Die Pension Grol ist sehr zentral gelegen, direkt am Rande des Zentrums von Renesse. Das Haus wurde urspr\u00fcnglich im Jahr [&hellip;]<\/p>\n","protected":false},"author":1,"featured_media":0,"parent":0,"menu_order":1,"comment_status":"closed","ping_status":"closed","template":"","meta":{"_acf_changed":false,"footnotes":""},"class_list":["post-332","page","type-page","status-publish","hentry"],"acf":[],"_links":{"self":[{"href":"https:\/\/demo.pensiongrol.nl\/de\/wp-json\/wp\/v2\/pages\/332","targetHints":{"allow":["GET"]}}],"collection":[{"href":"https:\/\/demo.pensiongrol.nl\/de\/wp-json\/wp\/v2\/pages"}],"about":[{"href":"https:\/\/demo.pensiongrol.nl\/de\/wp-json\/wp\/v2\/types\/page"}],"author":[{"embeddable":true,"href":"https:\/\/demo.pensiongrol.nl\/de\/wp-json\/wp\/v2\/users\/1"}],"replies":[{"embeddable":true,"href":"https:\/\/demo.pensiongrol.nl\/de\/wp-json\/wp\/v2\/comments?post=332"}],"version-history":[{"count":7,"href":"https:\/\/demo.pensiongrol.nl\/de\/wp-json\/wp\/v2\/pages\/332\/revisions"}],"predecessor-version":[{"id":427,"href":"https:\/\/demo.pensiongrol.nl\/de\/wp-json\/wp\/v2\/pages\/332\/revisions\/427"}],"wp:attachment":[{"href":"https:\/\/demo.pensiongrol.nl\/de\/wp-json\/wp\/v2\/media?parent=332"}],"curies":[{"name":"wp","href":"https:\/\/api.w.org\/{rel}","templated":true}]}}