{"id":283,"date":"2026-04-30T08:57:11","date_gmt":"2026-04-30T06:57:11","guid":{"rendered":"https:\/\/pensiongrol-new:8890\/ueber-uns\/"},"modified":"2026-05-03T21:53:13","modified_gmt":"2026-05-03T19:53:13","slug":"ueber-uns","status":"publish","type":"page","link":"https:\/\/demo.pensiongrol.nl\/de\/ueber-uns\/","title":{"rendered":"\u00dcber uns"},"content":{"rendered":"\n<div class=\"wp-block-cover alignfull is-dark\" style=\"min-height:50vh;aspect-ratio:unset;\"><span aria-hidden=\"true\" class=\"wp-block-cover__background has-background-dim-40 has-background-dim\" style=\"background-color:#000000\"><\/span><img loading=\"lazy\" decoding=\"async\" width=\"1970\" height=\"1109\" class=\"wp-block-cover__image-background wp-image-148\" alt=\"\" src=\"https:\/\/demo.pensiongrol.nl\/wp-content\/uploads\/2026\/04\/RemoteMediaFile_6553680_0_2022_05_24_14_40_46.jpg\" data-object-fit=\"cover\" srcset=\"https:\/\/demo.pensiongrol.nl\/wp-content\/uploads\/2026\/04\/RemoteMediaFile_6553680_0_2022_05_24_14_40_46.jpg 1970w, https:\/\/demo.pensiongrol.nl\/wp-content\/uploads\/2026\/04\/RemoteMediaFile_6553680_0_2022_05_24_14_40_46-300x169.jpg 300w, https:\/\/demo.pensiongrol.nl\/wp-content\/uploads\/2026\/04\/RemoteMediaFile_6553680_0_2022_05_24_14_40_46-1024x576.jpg 1024w, https:\/\/demo.pensiongrol.nl\/wp-content\/uploads\/2026\/04\/RemoteMediaFile_6553680_0_2022_05_24_14_40_46-768x432.jpg 768w, https:\/\/demo.pensiongrol.nl\/wp-content\/uploads\/2026\/04\/RemoteMediaFile_6553680_0_2022_05_24_14_40_46-1536x865.jpg 1536w\" sizes=\"auto, (max-width: 1970px) 100vw, 1970px\" \/><div class=\"wp-block-cover__inner-container has-global-padding is-layout-constrained wp-container-core-cover-is-layout-04834cbf wp-block-cover-is-layout-constrained\"><\/div>\n<div class=\"pg-booking-bar-wrapper\"><form class=\"pg-booking-bar\" method=\"get\" action=\"https:\/\/bookingengine.mylighthouse.com\/pension-t-huys-grol-renesse\" target=\"_blank\" rel=\"noopener\"><input type=\"hidden\" name=\"language\" value=\"de-DE\"><div class=\"pg-booking-bar__field\"><label for=\"pg-bb-arrival\">Anreise<\/label><input type=\"text\" id=\"pg-bb-arrival\" name=\"Arrival\" placeholder=\"tt \/ mm \/ jjjj\" autocomplete=\"off\" required readonly><\/div><div class=\"pg-booking-bar__field\"><label for=\"pg-bb-departure\">Abreise<\/label><input type=\"text\" id=\"pg-bb-departure\" name=\"Departure\" placeholder=\"tt \/ mm \/ jjjj\" autocomplete=\"off\" required readonly><\/div><div class=\"pg-booking-bar__submit-wrap\"><button type=\"submit\" class=\"pg-booking-bar__submit\">Verf\u00fcgbarkeit pr\u00fcfen<\/button><\/div><\/form><\/div>\n\n<\/div>\n\n<div class=\"wp-block-group alignfull has-global-padding is-layout-constrained wp-container-core-group-is-layout-be887331 wp-block-group-is-layout-constrained\" style=\"padding-top:var(--wp--preset--spacing--70);padding-right:var(--wp--preset--spacing--70);padding-bottom:var(--wp--preset--spacing--70);padding-left:var(--wp--preset--spacing--70)\">\n\n\n<div class=\"pg-kamer-inpage-title\">\n<h1 class=\"pg-kamer-inpage-title__h\">\u00dcber uns<\/h1>\n<p class=\"pg-kamer-inpage-title__sub\">Margot &#038; Michiel \u2014 gastfreundlich seit 1999<\/p>\n<hr class=\"pg-kamer-inpage-title__rule\"\/>\n<\/div>\n\n\n\n<div class=\"wp-block-columns are-vertically-aligned-center is-layout-flex wp-container-core-columns-is-layout-b530625e wp-block-columns-is-layout-flex\" style=\"margin-top:var(--wp--preset--spacing--50)\">\n\n\n<div id=\"wie\" class=\"wp-block-column is-vertically-aligned-center pg-anchor is-layout-flow wp-block-column-is-layout-flow\" style=\"flex-basis:55%\">\n\n\n<h2 class=\"wp-block-heading\">Wer wir sind<\/h2>\n\n\n\n<p class=\"wp-block-paragraph\">Wir sind <strong>Margot van der Aart<\/strong> &amp; <strong>Michiel Smit<\/strong>, beide im Jahr 1972 geboren. Wir haben uns im Sommer 1993 in Renesse in der Diskothek \u2019t Roefke kennengelernt. <\/p>\n\n\n\n<p class=\"wp-block-paragraph\">Ein paar Monate sp\u00e4ter trennten sich unsere Wege f\u00fcr kurze Zeit, da ich (Margot) einen Working-Holiday-Aufenthalt in Australien geplant hatte. Nach meinem Abenteuer Down Under und intensivem Telefon- und Briefkontakt mit Michiel sind wir sofort in Utrecht zusammengezogen. <\/p>\n\n\n\n<p class=\"wp-block-paragraph\">Nach f\u00fcnf sch\u00f6nen Jahren in der Stadt tauschten wir Utrecht gegen das wundersch\u00f6ne Renesse ein und \u00fcbernahmen die Pension, die meine Eltern bereits seit 1975 besa\u00dfen. Seit 1999 arbeiten wir mit gro\u00dfer Freude in der Pension Grol! <\/p>\n\n\n<\/div>\n\n\n\n<div class=\"wp-block-column is-vertically-aligned-center is-layout-flow wp-block-column-is-layout-flow\" style=\"flex-basis:45%\">\n\n\n<figure class=\"wp-block-image size-large has-custom-border\"><img loading=\"lazy\" decoding=\"async\" width=\"1920\" height=\"1050\" src=\"https:\/\/demo.pensiongrol.nl\/wp-content\/uploads\/2026\/04\/IMG_3191.jpg\" alt=\"Margot &amp;amp; Michiel\" class=\"wp-image-162\" style=\"border-radius:4px\" srcset=\"https:\/\/demo.pensiongrol.nl\/wp-content\/uploads\/2026\/04\/IMG_3191.jpg 1920w, https:\/\/demo.pensiongrol.nl\/wp-content\/uploads\/2026\/04\/IMG_3191-300x164.jpg 300w, https:\/\/demo.pensiongrol.nl\/wp-content\/uploads\/2026\/04\/IMG_3191-1024x560.jpg 1024w, https:\/\/demo.pensiongrol.nl\/wp-content\/uploads\/2026\/04\/IMG_3191-768x420.jpg 768w, https:\/\/demo.pensiongrol.nl\/wp-content\/uploads\/2026\/04\/IMG_3191-1536x840.jpg 1536w\" sizes=\"auto, (max-width: 1920px) 100vw, 1920px\" \/><\/figure>\n\n\n<\/div>\n\n\n<\/div>\n\n\n<\/div>\n\n<div class=\"wp-block-group alignfull pg-section-dark has-background is-layout-flow wp-block-group-is-layout-flow\" style=\"background-color:#364028;padding-top:var(--wp--preset--spacing--70);padding-right:var(--wp--preset--spacing--70);padding-bottom:var(--wp--preset--spacing--70);padding-left:var(--wp--preset--spacing--70)\">\n\n\n<p class=\"has-text-align-center has-x-large-font-size wp-block-paragraph\" style=\"font-style:italic;font-weight:400\">\u201eWir begr\u00fc\u00dfen Sie gerne in unserer Pension und setzen alles daran, Ihnen einen unvergesslichen Aufenthalt zu bereiten.\u201c<\/p>\n\n\n\n<p class=\"has-text-align-center wp-block-paragraph\">\u2014 Margot &amp; Michiel<\/p>\n\n\n<\/div>\n\n<div class=\"wp-block-group alignfull has-off-white-background-color has-background has-global-padding is-layout-constrained wp-container-core-group-is-layout-be887331 wp-block-group-is-layout-constrained\" style=\"padding-top:var(--wp--preset--spacing--70);padding-right:var(--wp--preset--spacing--70);padding-bottom:var(--wp--preset--spacing--70);padding-left:var(--wp--preset--spacing--70)\">\n\n\n<div class=\"wp-block-columns are-vertically-aligned-center is-layout-flex wp-container-core-columns-is-layout-15162fc0 wp-block-columns-is-layout-flex\">\n\n\n<div class=\"wp-block-column is-vertically-aligned-center is-layout-flow wp-block-column-is-layout-flow\" style=\"flex-basis:45%\">\n\n\n<figure class=\"wp-block-image size-large has-custom-border\"><img loading=\"lazy\" decoding=\"async\" width=\"1610\" height=\"822\" src=\"https:\/\/demo.pensiongrol.nl\/wp-content\/uploads\/2026\/04\/exterieur-pension-grol.jpg\" alt=\"'t Huis Grol &#x2014; Nationaldenkmal\" class=\"wp-image-197\" style=\"border-radius:4px\" srcset=\"https:\/\/demo.pensiongrol.nl\/wp-content\/uploads\/2026\/04\/exterieur-pension-grol.jpg 1610w, https:\/\/demo.pensiongrol.nl\/wp-content\/uploads\/2026\/04\/exterieur-pension-grol-300x153.jpg 300w, https:\/\/demo.pensiongrol.nl\/wp-content\/uploads\/2026\/04\/exterieur-pension-grol-1024x523.jpg 1024w, https:\/\/demo.pensiongrol.nl\/wp-content\/uploads\/2026\/04\/exterieur-pension-grol-768x392.jpg 768w, https:\/\/demo.pensiongrol.nl\/wp-content\/uploads\/2026\/04\/exterieur-pension-grol-1536x784.jpg 1536w\" sizes=\"auto, (max-width: 1610px) 100vw, 1610px\" \/><\/figure>\n\n\n<\/div>\n\n\n\n<div id=\"wat\" class=\"wp-block-column is-vertically-aligned-center pg-anchor is-layout-flow wp-block-column-is-layout-flow\" style=\"flex-basis:55%\">\n\n\n<h2 class=\"wp-block-heading\">Ein Landsitz seit 1599<\/h2>\n\n\n\n<p class=\"wp-block-paragraph\">\u2019t Huis Grol ist ein <strong>Rijksmonument<\/strong> (Nationaldenkmal) \u2014 ein ehemaliger Landsitz im Zentrum von Renesse. Der Ursprung des Anwesens reicht mindestens bis ins Jahr 1599 zur\u00fcck. \u201eGrol\u201c bedeutet \u201eGr\u00fcn\u201c, und dieser Name wird seinem Ruf noch immer gerecht.  <\/p>\n\n\n\n<p class=\"wp-block-paragraph\">Das Sickerwasser aus den D\u00fcnen sorgt entlang des inneren D\u00fcnenrandes f\u00fcr eine konstante Zufuhr von s\u00fc\u00dfem Grundwasser \u2014 und damit f\u00fcr eine \u00fcppige Vegetation. Der Garten von \u2019t Huis Grol ist nach wie vor eine gr\u00fcne Oase, ein perfekter Ort, um zur Ruhe zu kommen. <\/p>\n\n\n<\/div>\n\n\n<\/div>\n\n\n<\/div>\n\n<div id=\"waar\" class=\"wp-block-group alignfull pg-anchor has-global-padding is-layout-constrained wp-container-core-group-is-layout-be887331 wp-block-group-is-layout-constrained\" style=\"padding-top:var(--wp--preset--spacing--70);padding-right:var(--wp--preset--spacing--70);padding-bottom:var(--wp--preset--spacing--70);padding-left:var(--wp--preset--spacing--70)\">\n\n\n<h2 class=\"wp-block-heading has-text-align-center\">Renesse &amp; Zeeland<\/h2>\n\n\n\n<p class=\"has-text-align-center wp-block-paragraph\">Renesse ist ein gem\u00fctlicher Badeort an der Nordsee. Der breite Sandstrand ist nat\u00fcrlich die Hauptattraktion, aber die Umgebung eignet sich auch hervorragend f\u00fcr Rad- und Wandertouren. <\/p>\n\n\n\n<p class=\"has-text-align-center wp-block-paragraph\">In Zeeland entdecken Sie wundersch\u00f6ne historische Orte wie <strong>Zierikzee<\/strong>, <strong>Veere<\/strong> und <strong>Middelburg<\/strong>. Zeeland ist eine Schatzkammer voller regionaler Produkte, die viele Restaurants in ihrer K\u00fcche verwenden. Unsere Pension liegt nur 100 Meter vom gem\u00fctlichen Zentrum von Renesse entfernt.  <\/p>\n\n\n<\/div>\n\n<div id=\"waarom\" class=\"wp-block-group alignfull pg-anchor has-off-white-background-color has-background has-global-padding is-layout-constrained wp-container-core-group-is-layout-be887331 wp-block-group-is-layout-constrained\" style=\"padding-top:var(--wp--preset--spacing--70);padding-right:var(--wp--preset--spacing--70);padding-bottom:var(--wp--preset--spacing--70);padding-left:var(--wp--preset--spacing--70)\">\n\n\n<h2 class=\"wp-block-heading has-text-align-center\">Warum Pension Grol<\/h2>\n\n\n\n<p class=\"has-text-align-center wp-block-paragraph\">Ein Aufenthalt bei uns lohnt sich aus folgenden Gr\u00fcnden:<\/p>\n\n\n\n<div class=\"wp-block-columns is-layout-flex wp-container-core-columns-is-layout-b530625e wp-block-columns-is-layout-flex\" style=\"margin-top:var(--wp--preset--spacing--50)\">\n\n\n<div class=\"wp-block-column is-layout-flow wp-block-column-is-layout-flow\">\n\n<ul class=\"wp-block-list pg-feature-list\">\n<li>Zentral gelegen, ca. 100 m vom Kerkplein entfernt<\/li>\n<li>Wundersch\u00f6ne, ger\u00e4umige Zimmer in einem einzigartigen Nationaldenkmal<\/li>\n<li>Unser Garten: eine gr\u00fcne Oase der Ruhe<\/li>\n<li>Fr\u00fchst\u00fcck auf dem Zimmer oder im Garten<\/li>\n<li>Kostenlose, ger\u00e4umige Parkpl\u00e4tze<\/li>\n<li>Famili\u00e4rer und pers\u00f6nlicher Service<\/li>\n<\/ul>\n\n<\/div>\n\n\n\n<div class=\"wp-block-column is-layout-flow wp-block-column-is-layout-flow\">\n\n<ul class=\"wp-block-list pg-feature-list\">\n<li>Gutes Preis-Leistungs-Verh\u00e4ltnis, alles inklusive<\/li>\n<li>Hervorragender Ausgangspunkt f\u00fcr Rad- und Wandertouren<\/li>\n<li>Der Nordseestrand in ca. 800 Metern Entfernung<\/li>\n<li>Zierikzee, Veere und Middelburg nur eine halbe Stunde Fahrt entfernt<\/li>\n<li>Die meisten Sonnenstunden der Niederlande in diesem Westhoek<\/li>\n<li>Der ideale Ort f\u00fcr einen herrlichen Urlaub<\/li>\n<\/ul>\n\n<\/div>\n\n\n<\/div>\n\n\n<\/div>\n\n<div id=\"wanneer\" class=\"wp-block-group alignfull pg-anchor has-white-color has-primary-background-color has-text-color has-background has-global-padding is-layout-constrained wp-container-core-group-is-layout-774b05a4 wp-block-group-is-layout-constrained\" style=\"padding-top:var(--wp--preset--spacing--70);padding-right:var(--wp--preset--spacing--70);padding-bottom:var(--wp--preset--spacing--70);padding-left:var(--wp--preset--spacing--70)\">\n\n\n<h2 class=\"wp-block-heading has-text-align-center has-white-color has-text-color\">Unsere \u00d6ffnungszeiten<\/h2>\n\n\n\n<p class=\"has-text-align-center has-white-color has-text-color has-lead-font-size wp-block-paragraph\">Unsere Pension ist von <strong>Mitte\/Ende M\u00e4rz<\/strong> (ca. zwei Wochen vor Ostern) bis <strong>Anfang November<\/strong> ge\u00f6ffnet.<\/p>\n\n\n\n<p class=\"has-text-align-center has-white-color has-text-color wp-block-paragraph\">In den Wintermonaten f\u00fchren wir Instandhaltungsarbeiten durch \u2014 nicht nur an der Pension, sondern auch an uns selbst, indem wir selbst in den Urlaub fahren.<\/p>\n\n\n\n<div class=\"wp-block-buttons is-content-justification-center is-layout-flex wp-container-core-buttons-is-layout-63965413 wp-block-buttons-is-layout-flex\" style=\"margin-top:var(--wp--preset--spacing--40)\">\n\n<div class=\"wp-block-button\"><a class=\"wp-block-button__link has-white-color has-accent-background-color has-text-color has-background wp-element-button\" href=\"https:\/\/bookingengine.mylighthouse.com\/pension-t-huys-grol-renesse\">Jetzt reservieren<\/a><\/div>\n\n<\/div>\n\n\n<\/div>\n","protected":false},"excerpt":{"rendered":"<p>\u00dcber uns Margot &#038; Michiel \u2014 gastfreundlich seit 1999 Wer wir sind Wir sind Margot van der Aart &amp; Michiel Smit, beide im Jahr 1972 geboren. Wir haben uns im Sommer 1993 in Renesse in der Diskothek \u2019t Roefke kennengelernt. Ein paar Monate sp\u00e4ter trennten sich unsere Wege f\u00fcr kurze Zeit, da ich (Margot) einen [&hellip;]<\/p>\n","protected":false},"author":1,"featured_media":0,"parent":0,"menu_order":7,"comment_status":"closed","ping_status":"closed","template":"","meta":{"_acf_changed":false,"footnotes":""},"class_list":["post-283","page","type-page","status-publish","hentry"],"acf":[],"_links":{"self":[{"href":"https:\/\/demo.pensiongrol.nl\/de\/wp-json\/wp\/v2\/pages\/283","targetHints":{"allow":["GET"]}}],"collection":[{"href":"https:\/\/demo.pensiongrol.nl\/de\/wp-json\/wp\/v2\/pages"}],"about":[{"href":"https:\/\/demo.pensiongrol.nl\/de\/wp-json\/wp\/v2\/types\/page"}],"author":[{"embeddable":true,"href":"https:\/\/demo.pensiongrol.nl\/de\/wp-json\/wp\/v2\/users\/1"}],"replies":[{"embeddable":true,"href":"https:\/\/demo.pensiongrol.nl\/de\/wp-json\/wp\/v2\/comments?post=283"}],"version-history":[{"count":1,"href":"https:\/\/demo.pensiongrol.nl\/de\/wp-json\/wp\/v2\/pages\/283\/revisions"}],"predecessor-version":[{"id":285,"href":"https:\/\/demo.pensiongrol.nl\/de\/wp-json\/wp\/v2\/pages\/283\/revisions\/285"}],"wp:attachment":[{"href":"https:\/\/demo.pensiongrol.nl\/de\/wp-json\/wp\/v2\/media?parent=283"}],"curies":[{"name":"wp","href":"https:\/\/api.w.org\/{rel}","templated":true}]}}