{"id":134,"date":"2026-04-29T18:40:46","date_gmt":"2026-04-29T16:40:46","guid":{"rendered":"https:\/\/pensiongrol-new:8890\/kamer\/panoramazimmer\/"},"modified":"2026-05-03T21:46:38","modified_gmt":"2026-05-03T19:46:38","slug":"panoramazimmer","status":"publish","type":"kamer","link":"https:\/\/demo.pensiongrol.nl\/de\/kamer\/panoramazimmer\/","title":{"rendered":"Panoramazimmer"},"content":{"rendered":"<p>Das Panoramazimmer ist ein sehr ger\u00e4umiges, luxuri\u00f6ses Doppelzimmer in der zweiten Etage. Dieses \u201eDachgeschoss\u201c steht unter Denkmalschutz aufgrund der Dachkonstruktion, die von einem Schiffsbauer aus Zierikzee entworfen wurde. Die Balken und Sparren bilden gleichsam ein umgedrehtes Schiff. Das Badezimmer verf\u00fcgt \u00fcber einen Whirlpool. An der R\u00fcckseite befindet sich ein gro\u00dfes Fenster mit weitem Ausblick.<\/p>\n<ul>\n<li>Doppelbett in der Ecke (1,80 m x 2,00 m)<\/li>\n<li>Badezimmer mit Whirlpool-Badewanne und WC (ohne separate Dusche, jedoch mit Duschschlauch)<\/li>\n<li>Sitzecke mit zwei Sesseln<\/li>\n<li>Esstisch mit zwei St\u00fchlen<\/li>\n<li>Kleiderschrank<\/li>\n<li>Kleiner K\u00fchlschrank<\/li>\n<li>Flachbild-TV (Fernsehen vom Bett aus ist im Panoramazimmer nicht m\u00f6glich)<\/li>\n<li>Alle Zimmer verf\u00fcgen \u00fcber kostenloses WLAN, einen Safe, einen K\u00fchlschrank, einen F\u00f6hn, eine Senseo-Kaffeemaschine und einen Wasserkocher<\/li>\n<\/ul>\n","protected":false},"excerpt":{"rendered":"<p>Das Panoramazimmer ist ein sehr ger\u00e4umiges, luxuri\u00f6ses Doppelzimmer in der zweiten Etage. Dieses \u201eDachgeschoss\u201c steht unter Denkmalschutz aufgrund &#8230;<\/p>\n","protected":false},"featured_media":78,"menu_order":9,"template":"","class_list":["post-134","kamer","type-kamer","status-publish","has-post-thumbnail","hentry"],"acf":{"kamer_beschrijving":"Unser Panoramazimmer ist ein sehr ger\u00e4umiges, sch\u00f6nes Doppelzimmer auf der zweiten Etage. Dieses sogenannte ...","kamer_fotogalerij":[391,79,80,81],"kamer_max_personen":2,"kamer_prijs_van":160,"kamer_prijs_tot":200,"kamer_verdieping":"2e","kamer_oppervlakte":"","kamer_bed_type":"Tweepersoonsbed 1,80m \u00d7 2,00m","kamer_voorzieningen":["badkamer","wifi","tv","kluis"]},"_links":{"self":[{"href":"https:\/\/demo.pensiongrol.nl\/de\/wp-json\/wp\/v2\/kamer\/134","targetHints":{"allow":["GET"]}}],"collection":[{"href":"https:\/\/demo.pensiongrol.nl\/de\/wp-json\/wp\/v2\/kamer"}],"about":[{"href":"https:\/\/demo.pensiongrol.nl\/de\/wp-json\/wp\/v2\/types\/kamer"}],"acf:attachment":[{"embeddable":true,"href":"https:\/\/demo.pensiongrol.nl\/de\/wp-json\/wp\/v2\/media\/81"},{"embeddable":true,"href":"https:\/\/demo.pensiongrol.nl\/de\/wp-json\/wp\/v2\/media\/80"},{"embeddable":true,"href":"https:\/\/demo.pensiongrol.nl\/de\/wp-json\/wp\/v2\/media\/79"},{"embeddable":true,"href":"https:\/\/demo.pensiongrol.nl\/de\/wp-json\/wp\/v2\/media\/391"}],"wp:featuredmedia":[{"embeddable":true,"href":"https:\/\/demo.pensiongrol.nl\/de\/wp-json\/wp\/v2\/media\/78"}],"wp:attachment":[{"href":"https:\/\/demo.pensiongrol.nl\/de\/wp-json\/wp\/v2\/media?parent=134"}],"curies":[{"name":"wp","href":"https:\/\/api.w.org\/{rel}","templated":true}]}}