{"id":131,"date":"2026-04-29T18:40:46","date_gmt":"2026-04-29T16:40:46","guid":{"rendered":"https:\/\/pensiongrol-new:8890\/kamer\/gartenzimmer\/"},"modified":"2026-05-03T21:45:57","modified_gmt":"2026-05-03T19:45:57","slug":"gartenzimmer","status":"publish","type":"kamer","link":"https:\/\/demo.pensiongrol.nl\/de\/kamer\/gartenzimmer\/","title":{"rendered":"Gartenzimmer"},"content":{"rendered":"<p>Das Gartenzimmer ist ein luxuri\u00f6ses Doppelzimmer in der ersten Etage. Dieses Zimmer ist ein romantisches Zimmer, da das Bett in einer Nische mit Vorh\u00e4ngen platziert ist. Das ger\u00e4umige Badezimmer verf\u00fcgt \u00fcber eine Whirlpool-Badewanne und eine Dusche. Die Aussicht vom Gartenzimmer in unseren Garten ist fantastisch!<\/p>\n<ul>\n<li>Doppel-Boxspringbett (1,60 m x 2,10 m)<\/li>\n<li>Badezimmer mit Whirlpool-Badewanne, Dusche und WC<\/li>\n<li>Sitzecke mit zwei St\u00fchlen<\/li>\n<li>Esstisch mit zwei St\u00fchlen<\/li>\n<li>Kleiderschrank<\/li>\n<li>Kleiner K\u00fchlschrank<\/li>\n<li>Flachbild-TV (drehbar und auch vom Bett aus einsehbar)<\/li>\n<li>Alle Zimmer verf\u00fcgen \u00fcber kostenloses WLAN, einen Safe, einen K\u00fchlschrank, einen F\u00f6hn, eine Senseo-Kaffeemaschine und einen Wasserkocher<\/li>\n<\/ul>\n","protected":false},"excerpt":{"rendered":"<p>Das Gartenzimmer in der ersten Etage ist ein luxuri\u00f6ses Doppelzimmer. Dieses Zimmer ist ein romantisches Zimmer, da das Bett in einer Nische platziert ist &#8230;<\/p>\n","protected":false},"featured_media":82,"menu_order":8,"template":"","class_list":["post-131","kamer","type-kamer","status-publish","has-post-thumbnail","hentry"],"acf":{"kamer_beschrijving":"Das luxuri\u00f6se Gartenzimmer ist f\u00fcr zwei Personen gedacht und befindet sich auf der ersten Etage. Den Namen hat das ...","kamer_fotogalerij":[373,83,84,85],"kamer_max_personen":2,"kamer_prijs_van":140,"kamer_prijs_tot":160,"kamer_verdieping":"1e","kamer_oppervlakte":"","kamer_bed_type":"Tweepersoons boxspring 1,60m \u00d7 2,10m","kamer_voorzieningen":["badkamer","wifi","tv","kluis","tuinzicht"]},"_links":{"self":[{"href":"https:\/\/demo.pensiongrol.nl\/de\/wp-json\/wp\/v2\/kamer\/131","targetHints":{"allow":["GET"]}}],"collection":[{"href":"https:\/\/demo.pensiongrol.nl\/de\/wp-json\/wp\/v2\/kamer"}],"about":[{"href":"https:\/\/demo.pensiongrol.nl\/de\/wp-json\/wp\/v2\/types\/kamer"}],"acf:attachment":[{"embeddable":true,"href":"https:\/\/demo.pensiongrol.nl\/de\/wp-json\/wp\/v2\/media\/85"},{"embeddable":true,"href":"https:\/\/demo.pensiongrol.nl\/de\/wp-json\/wp\/v2\/media\/84"},{"embeddable":true,"href":"https:\/\/demo.pensiongrol.nl\/de\/wp-json\/wp\/v2\/media\/83"},{"embeddable":true,"href":"https:\/\/demo.pensiongrol.nl\/de\/wp-json\/wp\/v2\/media\/373"}],"wp:featuredmedia":[{"embeddable":true,"href":"https:\/\/demo.pensiongrol.nl\/de\/wp-json\/wp\/v2\/media\/82"}],"wp:attachment":[{"href":"https:\/\/demo.pensiongrol.nl\/de\/wp-json\/wp\/v2\/media?parent=131"}],"curies":[{"name":"wp","href":"https:\/\/api.w.org\/{rel}","templated":true}]}}