{"id":111,"date":"2026-04-29T18:40:46","date_gmt":"2026-04-29T16:40:46","guid":{"rendered":"https:\/\/pensiongrol-new:8890\/kamer\/zeelandzimmer\/"},"modified":"2026-05-03T21:45:19","modified_gmt":"2026-05-03T19:45:19","slug":"zeelandzimmer","status":"publish","type":"kamer","link":"https:\/\/demo.pensiongrol.nl\/de\/kamer\/zeelandzimmer\/","title":{"rendered":"Zeeuwse Kamer"},"content":{"rendered":"<p>Das Zeeuwse Kamer ist ein Standard-Doppelzimmer im Erdgeschoss. Dieses Zimmer verf\u00fcgt \u00fcber ein kleines Wohnzimmer, ein Badezimmer mit einer sehr ger\u00e4umigen Dusche und ein separates Schlafzimmer. Das Zimmer hat einen eigenen Eingang, den Sie \u00fcber den kleinen privaten Garten erreichen k\u00f6nnen. Dieses Standardzimmer ist modern eingerichtet. Die Decke des Zeeuwse Kamer ist nicht sehr hoch, im Gegensatz zu den meisten anderen Zimmern. Im Standardzimmer ist die Decke etwa 2,20 Meter hoch und die T\u00fcr zum Badezimmer ist nur 1,80 Meter hoch!     <\/p>\n<ul>\n<li>Gro\u00dfes Doppelbett (1,80 m x 2,10 m)<\/li>\n<li>Badezimmer mit sehr ger\u00e4umiger Dusche und WC<\/li>\n<li>Sitzecke mit Sofa<\/li>\n<li>Esstisch mit zwei St\u00fchlen<\/li>\n<li>Ger\u00e4umiger Kleiderschrank<\/li>\n<li>Kleiner K\u00fchlschrank<\/li>\n<li>Flachbild-TV (Fernsehen vom Bett aus ist im Zeeuwse Kamer nicht m\u00f6glich)<\/li>\n<li>Eigener Eingang<\/li>\n<li>Alle Zimmer verf\u00fcgen \u00fcber kostenloses WLAN, einen Safe, einen K\u00fchlschrank, einen F\u00f6hn, eine Senseo-Kaffeemaschine und einen Wasserkocher<\/li>\n<\/ul>\n","protected":false},"excerpt":{"rendered":"<p>Das Zeeuwse Kamer ist ein Standard-Doppelzimmer im Erdgeschoss. Dieses Zimmer verf\u00fcgt \u00fcber ein kleines Wohnzimmer, ein Badezimmer mit einer sehr ger\u00e4umigen &#8230; <\/p>\n","protected":false},"featured_media":106,"menu_order":1,"template":"","class_list":["post-111","kamer","type-kamer","status-publish","has-post-thumbnail","hentry"],"acf":{"kamer_beschrijving":"Das Zeelandzimmer ist ein Standardzimmer f\u00fcr zwei Personen und liegt ebenerdig. Es handelt sich hierbei um eine ..","kamer_fotogalerij":[362,107,108,109],"kamer_max_personen":2,"kamer_prijs_van":120,"kamer_prijs_tot":160,"kamer_verdieping":"BG","kamer_oppervlakte":"","kamer_bed_type":"Tweepersoonsbed 1,80m \u00d7 2,10m","kamer_voorzieningen":["badkamer","wifi","tv","kluis"]},"_links":{"self":[{"href":"https:\/\/demo.pensiongrol.nl\/de\/wp-json\/wp\/v2\/kamer\/111","targetHints":{"allow":["GET"]}}],"collection":[{"href":"https:\/\/demo.pensiongrol.nl\/de\/wp-json\/wp\/v2\/kamer"}],"about":[{"href":"https:\/\/demo.pensiongrol.nl\/de\/wp-json\/wp\/v2\/types\/kamer"}],"acf:attachment":[{"embeddable":true,"href":"https:\/\/demo.pensiongrol.nl\/de\/wp-json\/wp\/v2\/media\/109"},{"embeddable":true,"href":"https:\/\/demo.pensiongrol.nl\/de\/wp-json\/wp\/v2\/media\/108"},{"embeddable":true,"href":"https:\/\/demo.pensiongrol.nl\/de\/wp-json\/wp\/v2\/media\/107"},{"embeddable":true,"href":"https:\/\/demo.pensiongrol.nl\/de\/wp-json\/wp\/v2\/media\/362"}],"wp:featuredmedia":[{"embeddable":true,"href":"https:\/\/demo.pensiongrol.nl\/de\/wp-json\/wp\/v2\/media\/106"}],"wp:attachment":[{"href":"https:\/\/demo.pensiongrol.nl\/de\/wp-json\/wp\/v2\/media?parent=111"}],"curies":[{"name":"wp","href":"https:\/\/api.w.org\/{rel}","templated":true}]}}